{"id":2738,"date":"2011-06-02T07:16:54","date_gmt":"2011-06-02T06:16:54","guid":{"rendered":"http:\/\/www.diaolin.com\/wordpress\/?p=2738"},"modified":"2013-04-08T08:03:23","modified_gmt":"2013-04-08T07:03:23","slug":"odissea-2011","status":"publish","type":"page","link":"https:\/\/www.diaolin.com\/wordpress\/?page_id=2738","title":{"rendered":"Odissea 2011"},"content":{"rendered":"<h2 class=\"sub-title-primary\"><\/h2> <p style=\"text-align: center;\"><img loading=\"lazy\" decoding=\"async\" class=\"aligncenter size-full wp-image-2740\" title=\"odissea\" src=\"https:\/\/www.diaolin.com\/wordpress\/img\/\/odissea.jpg\" alt=\"\" width=\"593\" height=\"93\" \/><\/p>\n<div style=\"text-align: center;\"><span style=\"color: #cc0000;\"><span style=\"font-family: Century Gothic;\"><span style=\"color: #cc0000;\"><big><strong>Le incredibili e stupefacenti imprese<\/strong><\/big><\/span><br \/>\n<span style=\"color: #cc0000;\">degli uomini e delle donne per superare i limiti e le leggi della natura<\/span><span style=\"font-family: Century Gothic; color: #cc0000;\"><strong><br \/>\n<\/strong><\/span><\/span><span style=\"color: #cc0000;\"><strong><span style=\"font-family: Century Gothic;\">23 appuntamenti di spettacoli concerti<\/span><\/strong><\/span><\/span><span style=\"color: #ffffff;\"><span style=\"color: #cc0000;\"><strong><span style=\"font-family: Century Gothic;\"><span style=\"color: #cc0000;\"><br \/>\ned esercizi del bel vivere<\/span><br \/>\n<\/span><\/strong><\/span><\/span><\/div>\n<div style=\"text-align: left;\"><span style=\"color: #ffffff;\"><span style=\"color: #cc0000;\"><span style=\"font-family: Century Gothic;\"><span style=\"color: #000000;\"><strong> <\/strong><\/span><\/span><\/span><\/span><\/div>\n<div style=\"text-align: left;\"><span style=\"color: #ffffff;\"><span style=\"color: #cc0000;\"><span style=\"font-family: Century Gothic;\"><span style=\"color: #000000;\"><strong>PROGRAMMA<br \/>\n<\/strong>dove non specificato, inizio spettacoli ore 21,30<\/span><strong> <\/strong><\/span><\/span><\/span><\/div>\n<div style=\"text-align: center;\">\n<div><span style=\"color: #ffffff;\"><span style=\"color: #cc0000;\"><strong><span style=\"font-family: Century Gothic;\"> <\/span><\/strong><\/span><\/span><\/div>\n<div><span style=\"color: #ffffff;\"><span style=\"color: #cc0000;\"><strong><span style=\"font-family: Century Gothic;\"><img loading=\"lazy\" decoding=\"async\" class=\"alignleft size-full wp-image-2749 alignnone\" title=\"esercizi1\" src=\"https:\/\/www.diaolin.com\/wordpress\/img\/\/esercizi1.png\" alt=\"\" width=\"181\" height=\"20\" \/> <\/span><\/strong><\/span><\/span><\/div>\n<p style=\"text-align: left;\"><span style=\"color: #ffffff;\"><span style=\"color: #cc0000;\"><span style=\"font-family: Century Gothic;\"><span style=\"color: #cc0000;\"> <\/span><\/span><\/span><\/span><\/p>\n<p style=\"text-align: left;\">&nbsp;<\/p>\n<p style=\"text-align: left;\">&nbsp;<\/p>\n<p style=\"text-align: left;\"><span style=\"color: #ffffff;\"><span style=\"color: #cc0000;\"><span style=\"font-family: Century Gothic;\"><span style=\"color: #cc0000;\">sabato 18 giugno, dalle ore 20 alle 24 &#8211; Pumenengo (Bg)<\/span><span style=\"color: #000000;\"> Partenza dal Castello Barb\u00f2<br \/>\n<strong>IL RESPIRO DEL FIUME<\/strong> &#8211; <\/span><strong><span style=\"color: #000000;\">Camminata notturna condotta <\/span> <\/strong><span style=\"color: #000000;\"><strong>da Enzo Cecchi<br \/>\n<\/strong>Per <small>70 camminanti, solo su prenotazione <\/small><\/span><span style=\"color: #cc0000;\"><small><span style=\"color: #000000;\">Tel. 0373 729263 &#8211; <a href=\"mailto:info@piccoloparallelo.net\">info@piccoloparallelo.net<\/a><\/span><\/small><br \/>\n<\/span><\/span><\/span><\/span><span style=\"color: #ffffff;\"><span style=\"color: #cc0000;\"><span style=\"font-family: Century Gothic;\"><span style=\"color: #cc0000;\"><br \/>\nvenerd\u00ec 24 giugno &#8211; Romanengo (Cr)<span style=\"color: #000000;\"> Piazza Gramsci<br \/>\n<strong>QUETZALCOATL<\/strong> (Messico) &#8211; <strong>Ritual de Fuego<\/strong><br \/>\n<small>con <strong>Francisco V\u00e9lez Cosgalla, An\u00ecbal Canolik, Ra\u00f9l Somarriba Hern\u00e0ndez<\/strong><\/small><br \/>\n<\/span><span style=\"color: #ffffff;\"><small><\/small><small><\/small><small><\/small><small>.<\/small><\/span><br \/>\n<span style=\"color: #cc0000;\">sabato 25 giugno &#8211; Rudiano (Bs)<\/span><span style=\"color: #000000;\"> Casa de Leva<br \/>\n<strong>SANTIBRIGANTI &#8211;\u00a0 Regina. Memorie d&#8217;acqua<\/strong><\/span><strong><br \/>\n<\/strong><span style=\"color: #000000;\"><small>con <strong>Mariella Fabbris <\/strong>attrice<strong> &#8211; Ilaria Schettini <\/strong>pianoforte<\/small><br \/>\n<\/span><span style=\"color: #ffffff;\"><small><\/small><small><\/small><small><\/small><small>.<\/small><\/span><br \/>\n<span style=\"color: #000000;\"><span style=\"color: #cc0000;\"><span style=\"color: #990000;\"><span style=\"color: #cc0000;\">gioved\u00ec 30 giugno &#8211; Romanengo (Cr)<\/span><\/span> <\/span>Piazza Unit\u00e0 d&#8217;Italia<strong><br \/>\nRUGU PROJET DUO<\/strong><\/span><span style=\"color: #000000;\"> (Burkina Faso-Italia) &#8211; <strong>Concerto<\/strong><br \/>\n<small>con <strong>Hado Ima<\/strong> e <strong>Andrea Murada<\/strong><\/small><br \/>\n<\/span><span style=\"color: #ffffff;\"><small><\/small><small><\/small><small><\/small><small>.<\/small><\/span><br \/>\n<span style=\"color: #cc0000;\">venerd\u00ec 1 luglio &#8211; Calcio (Bg)<\/span><span style=\"color: #000000;\"> Piazza San Vittore<br \/>\n<strong>NANDO E MAILA &#8211; Sconcerto d&#8217;Amore<\/strong><br \/>\n<small>con <strong>Ferdinando D&#8217;Andria e Maila Sparapani<\/strong><\/small><br \/>\n<\/span><span style=\"color: #ffffff;\"><small><\/small><small><\/small><small><\/small><small>.<\/small><\/span><br \/>\n<span style=\"color: #cc0000;\">sabato 2 luglio &#8211; Villachiara (Bs)<\/span><span style=\"color: #000000;\"> Piazza Santa Chiara<br \/>\n<strong>CIARLATOWN &#8211; Acrobazie nel mercato globale<\/strong><br \/>\n<small>con <strong>Claudio Cremonesi<\/strong> e <strong>Giorgio Donati<\/strong><\/small><\/span><span style=\"color: #cc0000;\"><br \/>\n<small><\/small><small><\/small><small><\/small><small><span style=\"color: #ffffff;\"> <\/span><\/small><\/span><\/span><\/span><\/span><\/span><\/p>\n<p style=\"text-align: left;\"><span style=\"color: #ffffff;\"><span style=\"color: #cc0000;\"><span style=\"font-family: Century Gothic;\"><span style=\"color: #cc0000;\"><span style=\"color: #cc0000;\"><small><span style=\"color: #ffffff;\"><img loading=\"lazy\" decoding=\"async\" class=\"alignleft size-full wp-image-2750\" title=\"esercizi2\" src=\"https:\/\/www.diaolin.com\/wordpress\/img\/\/esercizi2.png\" alt=\"\" width=\"181\" height=\"20\" \/><\/span><\/small><\/span><\/span><\/span><\/span><\/span><\/p>\n<p style=\"text-align: left;\"><span style=\"color: #ffffff;\"><span style=\"color: #cc0000;\"><span style=\"font-family: Century Gothic;\"><span style=\"color: #cc0000;\"> <\/span><\/span><\/span><\/span><\/p>\n<p style=\"text-align: left;\"><span style=\"color: #ffffff;\"><span style=\"color: #cc0000;\"><span style=\"font-family: Century Gothic;\"><span style=\"color: #cc0000;\"> <\/span><\/span><\/span><\/span><\/p>\n<p style=\"text-align: left;\">&nbsp;<\/p>\n<p style=\"text-align: left;\">&nbsp;<\/p>\n<p style=\"text-align: left;\"><span style=\"color: #cc0000;\"><span style=\"color: #cc0000;\">luned\u00ec 4 luglio &#8211; Barco di Orzinuovi, Orzinuovi (Bs)<\/span> <\/span>Sagrato parrocchiale<br \/>\n<strong>QUMRAN: IL FASCINO DEL MISTERO<\/strong><small><big> &#8211; Conferenza di <strong>Don Flavio della Vecchia<\/strong><\/big><br \/>\nIn collaborazione con <\/small><strong><small>Associazione Selichot<\/small><\/strong><\/p>\n<p style=\"text-align: left;\"><strong><small><\/small><\/strong><strong><small><span style=\"color: #cc0000;\">gioved\u00ec 7 luglio &#8211; Castelcovati (Bs) <\/span><strong><br \/>\nLUISELLA TAMIETTO e ADRIANA ZAMBONI &#8211; Ecologicamente scorrette<br \/>\n<\/strong><\/small><small>Lezioni di ecologia domestica per massaie rabbiose<\/small><\/strong><\/p>\n<p style=\"text-align: left;\"><span style=\"color: #ffffff;\"><span style=\"color: #cc0000;\"><span style=\"font-family: Century Gothic;\"><span style=\"color: #cc0000;\"> <\/span><\/span><\/span><\/span> <span style=\"color: #ffffff;\"><small><img loading=\"lazy\" decoding=\"async\" class=\"alignleft size-full wp-image-2751\" title=\"esercizi3\" src=\"https:\/\/www.diaolin.com\/wordpress\/img\/\/esercizi3.png\" alt=\"\" width=\"181\" height=\"20\" \/><\/small><\/span><\/p>\n<p style=\"text-align: left;\"><span style=\"color: #ffffff;\"><span style=\"color: #cc0000;\"><span style=\"font-family: Century Gothic;\"><span style=\"color: #cc0000;\"> <\/span><\/span><\/span><\/span><\/p>\n<p><span style=\"color: #ffffff;\"><span style=\"color: #cc0000;\"><span style=\"font-family: Century Gothic;\"> <\/span><\/span><\/span><\/p>\n<p style=\"text-align: left;\">&nbsp;<\/p>\n<p style=\"text-align: left;\">&nbsp;<\/p>\n<p style=\"text-align: left;\"><span style=\"color: #cc0000;\">venerd\u00ec 8 luglio &#8211; Torre Pallavicina (Bg)<\/span><strong> <\/strong>Partenza da Mulino di Basso<strong><br \/>\n<\/strong><strong>GIULIANO &#8220;DIAOLIN&#8221; NATALI &#8211; <\/strong><strong>Ciacere en soer<br \/>\n<\/strong><small>reading itinerante di poesia lungo l&#8217;Oglio <\/small><strong><br \/>\n<span style=\"color: #ffffff;\"><small><\/small><small><\/small><small><\/small><small>.<\/small><\/span><br \/>\n<\/strong><span style=\"color: #cc0000;\">sabato 9 luglio &#8211; Ostiano (Cr)<\/span><strong> <\/strong>Sagrato Parrocchiale<strong><br \/>\nAIA TAUMASTICA &#8211; Ghiaccio. La leggendaria spedizione di Shackleton al Polo Sud<br \/>\n<\/strong><small>con<strong> Massimiliano Cividati<\/strong>, al pianoforte<strong> Andrea Zani<\/strong>, percussioni<\/small><strong><small> Gennaro Scarpato<\/small><br \/>\n<small><span style=\"color: #ffffff;\"><small><\/small><small><\/small><small><\/small><small><\/small><small><\/small><small>.<\/small><\/span><\/small><\/strong><\/p>\n<div>\n<p style=\"text-align: left;\"><strong><span style=\"color: #cc0000;\">domenica 10 luglio, ore 16 &#8211; Soncino (Cr) <\/span>Parco del Tinazzo<\/strong><strong><br \/>\nTEATRO DEL VENTO &#8211; Angelino storia vera di un bambino<br \/>\n<\/strong><small>Spettacolo per bambini e adulti<\/small><strong><br \/>\n<\/strong><br \/>\n<img loading=\"lazy\" decoding=\"async\" class=\"alignleft size-full wp-image-2752\" title=\"esercizi4\" src=\"https:\/\/www.diaolin.com\/wordpress\/img\/\/esercizi4.png\" alt=\"\" width=\"181\" height=\"20\" \/><\/p>\n<\/div>\n<p style=\"text-align: left;\">&nbsp;<\/p>\n<p style=\"text-align: left;\"><strong><span style=\"color: #cc0000;\"> <\/span><\/strong><\/p>\n<p style=\"text-align: left;\"><strong><span style=\"color: #cc0000;\">gioved\u00ec 14 luglio &#8211; Torre Pallavicina (Bg)<strong> <\/strong><\/span><span style=\"color: #cc0000;\"><span style=\"color: #000000;\"><span style=\"color: #cc0000;\"><span style=\"color: #000000;\">Partenza dal Mulino di Basso<\/span><\/span><\/span><\/span><\/strong><strong><br \/>\nOGLIO: 280 CHILOMETRI DI ORO BLU<br \/>\nParole, immagini, progetti, imprese per salvaguardare un Fiume<\/strong><br \/>\n<small>Incontro con il Presidente del Parco Oglio Nord<strong> Giuseppe Colombi<\/strong><br \/>\ne il Presidente del Parco Oglio Sud<strong> Alessandro Bignotti<\/strong><\/small><strong><br \/>\n<\/strong><strong> <\/strong><\/p>\n<div><strong><img loading=\"lazy\" decoding=\"async\" class=\"alignleft size-full wp-image-2753\" title=\"esercizi5\" src=\"https:\/\/www.diaolin.com\/wordpress\/img\/\/esercizi5.png\" alt=\"\" width=\"181\" height=\"20\" \/><\/strong><\/div>\n<p><strong> <\/strong><\/p>\n<div><strong> <\/strong><\/div>\n<p><strong> <\/strong><\/p>\n<p><strong> <\/strong><\/p>\n<p style=\"text-align: left;\">&nbsp;<\/p>\n<p style=\"text-align: left;\"><strong><span style=\"color: #cc0000;\">venerd\u00ec 15 luglio &#8211; Romanengo (Cr)<\/span> Piazza Unit\u00e0 Italia<\/strong><strong><br \/>\nLA TRANSUMANZA DELLA PACE &#8211; Le mucche della Val Rendena a Srebrenica<br \/>\n<\/strong><small>Incontro con<strong> Roberta Biagiarelli <\/strong>e <\/small><strong><small>Gianbattista Rigoni Stern<\/small><br \/>\n<span style=\"color: #ffffff;\"><small><\/small><small><\/small><small><\/small><small><\/small><small><\/small><small><\/small><small><\/small><small>.<\/small><\/span><br \/>\n<\/strong><span style=\"color: #cc0000;\">sabato 16 luglio &#8211; Pumenengo (Bg) <span style=\"color: #000000;\">Castello Barb\u00f2<br \/>\n<strong>ROBERTA BIAGIARELLI &#8211; Reportage Cernobyl<br \/>\n<\/strong><small>Tratto da &#8220;Preghiera per Cernobyl&#8221;. Video di<\/small><strong><small> Giacomo Verde<\/small><\/strong><\/span><\/span><\/p>\n<p style=\"text-align: left;\"><span style=\"color: #cc0000;\"><span style=\"color: #000000;\"><strong> <\/strong><\/span><\/span><\/p>\n<p style=\"text-align: left;\"><span style=\"color: #ffffff;\"><span style=\"color: #cc0000;\"><span style=\"font-family: Century Gothic;\"><span style=\"color: #cc0000;\"><img loading=\"lazy\" decoding=\"async\" class=\"alignleft size-full wp-image-2754\" title=\"esercizi6\" src=\"https:\/\/www.diaolin.com\/wordpress\/img\/\/esercizi6.png\" alt=\"\" width=\"181\" height=\"20\" \/><\/span><\/span><\/span><\/span><\/p>\n<p style=\"text-align: left;\">&nbsp;<\/p>\n<p style=\"text-align: left;\"><span style=\"color: #cc0000;\"><span style=\"color: #000000;\"><span style=\"color: #cc0000;\"><strong> <\/strong><\/span><\/span><\/span><\/p>\n<p style=\"text-align: left;\"><span style=\"color: #cc0000;\"><span style=\"color: #000000;\"><span style=\"color: #cc0000;\"><strong>domenica 17 luglio &#8211; Torre Pallavicina (Bg) <\/strong><span style=\"color: #000000;\"><strong>Mulino di Basso<br \/>\nSIEDI UN ATTIMO E ASCOLTA &#8211; Giovani scrittori crescono<br \/>\n<\/strong><\/span><\/span><\/span><\/span><span style=\"color: #cc0000;\"><span style=\"color: #000000;\"><span style=\"color: #cc0000;\"><span style=\"color: #000000;\"><small><strong>Happening, performances, percorsi fra letteratura, desideri e sogni<\/strong><br \/>\n<\/small><\/span><\/span><\/span><\/span><span style=\"color: #cc0000;\"><span style=\"color: #000000;\"><span style=\"color: #cc0000;\"><span style=\"color: #000000;\"><strong><small>Con Anna Martinenghi, Emanuele Mandelli, Nino Antonaccio<\/small><br \/>\n<small>Conduce Enzo Cecchi<\/small><\/strong><span style=\"color: #cc0000;\"><br \/>\n<small><span style=\"color: #ffffff;\"><small><\/small><small><\/small><small><\/small><small><strong>.<\/strong><\/small><\/span><\/small><\/span><br \/>\n<strong>gioved\u00ec 21 luglio &#8211; Torre Pallavicina (Bg) <\/strong><span style=\"color: #000000;\"><strong>Castello Barb\u00f2<br \/>\nLE BALLUCHE DE LA SAUGRENUE (Francia) &#8211; Bal musette atipique<br \/>\n<\/strong><strong><small>Marie Perrin, Mimi la sardine: canto e flauti<br \/>\nFlorent Sepchat, Flo la bretelle: fisarmonica David Forget, David l&#8217;ampoule: contrabbasso<br \/>\nPierre Mager-Maury, Pedro le basque: Jase chitarre manouche<br \/>\nJean Francois Caire, Jean Jean la Taxe: antica batteria<\/small><br \/>\n<span style=\"color: #ffffff;\"><small><\/small><small><\/small><small><\/small><small>.<\/small><\/span><br \/>\n<\/strong><\/span><\/span><\/span><\/span><\/span><span style=\"color: #cc0000;\"><span style=\"color: #000000;\"><span style=\"color: #cc0000;\"><span style=\"color: #000000;\"><span style=\"color: #cc0000;\"><span style=\"color: #000000;\"><span style=\"color: #cc0000;\"><strong>venerd\u00ec 22 luglio &#8211; Bozzolo (Mn) <\/strong><span style=\"color: #000000;\"><strong>Localit\u00e0 Tezzoglio<br \/>\nERBAMIL &#8211; Racconti di una vecchia Sirena<br \/>\n<\/strong><small><strong>Con Barbara Covelli. Favola della buonanotte per adulti e bambini<br \/>\nIngresso \u20ac 5<\/strong><\/small><\/span><\/span><\/span><\/span><\/span><\/span><\/span><\/span><span style=\"color: #cc0000;\"><span style=\"color: #000000;\"><span style=\"color: #cc0000;\"><span style=\"color: #000000;\"><span style=\"color: #cc0000;\"><span style=\"color: #000000;\"><span style=\"color: #cc0000;\"><span style=\"color: #000000;\"><br \/>\n<span style=\"color: #ffffff;\"><small><\/small><small><\/small><small><\/small><small><strong>.<\/strong><\/small><\/span><br \/>\n<span><strong>sabato 23 luglio &#8211; Verolavecchia (Bs) <\/strong><\/span><span style=\"color: #000000;\"><strong>Torre Civica<br \/>\nTAIKO &#8211; FLAMENCO DUEL<br \/>\n<\/strong><small><strong>Catia Castagna e Rita Superbi ai tamburi Taiko<br \/>\nGiorgia Celli danzatrice di flamenco<br \/>\n<span style=\"color: #ffffff;\"><small><\/small><small><\/small><small><\/small><small>.<\/small><\/span><\/strong><\/small><\/span><br \/>\n<big><span style=\"color: #cc0000;\"><strong>domenica 24 luglio, ore 16 &#8211; Soncino (Cr) <\/strong><span style=\"color: #000000;\"><strong>Parco del Tinazzo<br \/>\n<\/strong><\/span><\/span><\/big><\/span><\/span><\/span><\/span><\/span><\/span><\/span><\/span><span><span style=\"color: #000000;\"><span style=\"color: #cc0000;\"><span style=\"color: #000000;\"><span style=\"color: #cc0000;\"><span style=\"color: #000000;\"><span style=\"color: #cc0000;\"><span style=\"color: #000000;\"><strong>ERBAMIL &#8211; Racconti di una vecchia Sirena<br \/>\n<\/strong><strong><small>Con Barbara Covelli. Favola della buonanotte per adulti e bambini<br \/>\n<\/small><span style=\"color: #ffffff;\"><small><\/small><small><\/small><small><\/small><small><\/small><small>.<\/small><\/span><\/strong><small><br \/>\n<big><span style=\"color: #cc0000;\"><strong>gioved\u00ec 28 luglio &#8211; Pumenengo (Bg) <\/strong><\/span><\/big><\/small><small><big><span style=\"color: #cc0000;\"><span style=\"color: #000000;\"><strong>Castello Barb\u00f2<br \/>\nPICCOLO PARALLELO CECCHI . ZAPPALAGLIO &#8211; Mart\u00e8n delle onde<br \/>\n<\/strong><small><strong>Con GianMarco Zappalaglio, Enzo Cecchi, Michele Dallagiacoma<br \/>\n<\/strong><\/small><strong><small>Regia di Enzo G. Cecchi<br \/>\n<\/small><span style=\"color: #ffffff;\"><small><\/small><small><\/small><small><\/small><small>.<\/small><\/span><\/strong><\/span><\/span><\/big><\/small><\/span><br \/>\n<span style=\"color: #cc0000;\"><strong>venerd\u00ec 29 luglio &#8211; Soncino (Cr) <\/strong><span style=\"color: #000000;\"><strong>Piazza del Comune<br \/>\n543 . FIVE FOUR TRIO &#8211; Bus stop<br \/>\n<\/strong><strong><small>Con Alessandro De Luca, Cristiano Fondelli, Giulio Venturini<br \/>\nRegia di Adrian Schwarzste<br \/>\n<\/small><span style=\"color: #ffffff;\"><small><\/small><small><\/small><small><\/small><small>.<\/small><\/span><br \/>\n<\/strong><span style=\"color: #cc0000;\"><strong>sabato 30 luglio &#8211; Romanengo (Cr) <\/strong><span style=\"color: #000000;\"><strong>Piazza Unit\u00e0 d&#8217;Italia<br \/>\nCOMPAGNIA BERARDI . CASOLARI &#8211; Io provo a volare!<br \/>\n<\/strong><small><strong>Omaggio a Domenico Modugno<br \/>\n<\/strong><\/small><\/span><\/span><\/span><\/span><\/span><\/span><\/span><\/span><\/span><\/span><span style=\"color: #000000;\"><span style=\"color: #cc0000;\"><span style=\"color: #000000;\"><span style=\"color: #cc0000;\"><span style=\"color: #000000;\"><span style=\"color: #cc0000;\"><span style=\"color: #000000;\"><small><big><span style=\"color: #cc0000;\"><span style=\"color: #000000;\"><span style=\"color: #cc0000;\"><span style=\"color: #000000;\"><span style=\"color: #cc0000;\"><span style=\"color: #000000;\"><small><strong>Con Gianfranco Berardi attore\u00a0 &#8211; Davide Berardi voce solista e chitarra<br \/>\nGiancarlo Pagliara fisarmonica &#8211; Vincenzo Pede percussioni &#8211; Francesco Salonna contrabasso<br \/>\nPremio Speciale della giuria e Premio del Pubblico<\/strong><\/small><\/span><\/span><\/span><\/span><\/span><\/span><\/big><\/small><\/span><\/span><\/span><\/span><\/span><\/span><\/span><\/span><span><strong><span style=\"color: #000000;\"><span style=\"color: #cc0000;\"><span style=\"color: #000000;\"><span style=\"color: #cc0000;\"><span style=\"color: #000000;\"><span style=\"color: #cc0000;\"><span style=\"color: #000000;\"><small><big><span style=\"color: #cc0000;\"><span style=\"color: #000000;\"><span style=\"color: #cc0000;\"><span style=\"color: #000000;\"><span style=\"color: #cc0000;\"><span style=\"color: #000000;\"><small> al <\/small><\/span><\/span><\/span><\/span><\/span><\/span><\/big><\/small><\/span><\/span><\/span><\/span><\/span><\/span><\/span><span style=\"color: #000000;\"><span style=\"color: #cc0000;\"><span style=\"color: #000000;\"><span style=\"color: #cc0000;\"><span style=\"color: #000000;\"><span style=\"color: #cc0000;\"><span style=\"color: #000000;\"><small><big><span style=\"color: #cc0000;\"><span style=\"color: #000000;\"><span style=\"color: #cc0000;\"><span style=\"color: #000000;\"><span style=\"color: #cc0000;\"><span style=\"color: #000000;\"><small>JoakimInterFest di Kragujevac (Serbia)<\/small><\/span><\/span><\/span><\/span><\/span><\/span><\/big><\/small><\/span><\/span><\/span><\/span><\/span><\/span><\/span><\/strong><\/span><span style=\"color: #cc0000;\"><span style=\"color: #000000;\"><span style=\"color: #cc0000;\"><span style=\"color: #000000;\"><span style=\"color: #cc0000;\"><span style=\"color: #000000;\"><span style=\"color: #cc0000;\"><span style=\"color: #000000;\"><small><big><span style=\"color: #cc0000;\"><span style=\"color: #000000;\"><span style=\"color: #cc0000;\"><span style=\"color: #000000;\"><span style=\"color: #cc0000;\"><span style=\"color: #000000;\"><small><br \/>\n<\/small><\/span><\/span><\/span><\/span><\/span><\/span><\/big><\/small><\/span><\/span><\/span><\/span><\/span><\/span><\/span><\/span><\/p>\n<p style=\"text-align: left;\"><span style=\"color: #cc0000;\"><span style=\"color: #000000;\"><span style=\"color: #cc0000;\"><span style=\"color: #000000;\"><span style=\"color: #cc0000;\"><span style=\"color: #000000;\"><span style=\"color: #cc0000;\"><span style=\"color: #000000;\"><span style=\"color: #cc0000;\"><span style=\"color: #000000;\"><span style=\"color: #cc0000;\"><span style=\"color: #000000;\"><span style=\"color: #cc0000;\"><span style=\"color: #000000;\"><img loading=\"lazy\" decoding=\"async\" class=\"alignleft size-full wp-image-2748\" title=\"esercizi7\" src=\"https:\/\/www.diaolin.com\/wordpress\/img\/\/esercizi7.png\" alt=\"\" width=\"181\" height=\"20\" \/><\/span><\/span><\/span><\/span><\/span><\/span><\/span><\/span><\/span><\/span><\/span><\/span><\/span><\/span><\/p>\n<p><span style=\"color: #cc0000;\"><span style=\"color: #000000;\"><span style=\"color: #cc0000;\"><span style=\"color: #000000;\"><span style=\"color: #cc0000;\"><span style=\"color: #000000;\"><span style=\"color: #cc0000;\"><span style=\"color: #000000;\"><small><big><span style=\"color: #cc0000;\"><span style=\"color: #000000;\"><span style=\"color: #cc0000;\"><span style=\"color: #000000;\"><span style=\"color: #cc0000;\"><span style=\"color: #000000;\"><small><\/small><\/span><\/span><\/span><\/span><\/span><\/span><\/big><\/small><\/span><\/span><\/span><\/span><\/span><\/span><\/span><\/span><\/p>\n<p style=\"text-align: left;\">&nbsp;<\/p>\n<p style=\"text-align: left;\">&nbsp;<\/p>\n<p style=\"text-align: left;\"><span style=\"color: #cc0000;\">domenica 31 luglio, ore 5 del mattino &#8211; Romanengo (Cr) <span style=\"color: #000000;\">Pianalto della Melotta<\/span><\/span><br \/>\n<strong>IL RESPIRO DELL&#8217;ALBA &#8211; Camminata mattutina condotta da Enzo Cecchi<br \/>\n<\/strong><span style=\"font-size: x-small;\"><small>Per 70 camminanti, solo su prenotazione.<span style=\"color: #cc0000;\"><span style=\"color: #000000;\"> <\/span><span style=\"color: #000000;\">Tel. 0373 729263 &#8211; info@piccoloparallelo.net<\/span><\/span><\/small><br \/>\n<span style=\"color: #ffffff;\"><small><\/small><small><\/small><small><\/small><small>.<\/small><\/span><br \/>\n<\/span>Sul sito <a href=\"www.piccoloparallelo.net  \" target=\"_blank\">www.piccoloparallelo.net<\/a> trovate il programma anche in PDF con la possibilit\u00e0 di scaricarlo.<br \/>\n<span style=\"color: #ffffff;\"><small><\/small><small><\/small><small><\/small><small><span style=\"font-size: x-small;\">t.<\/span><\/small><\/span><br \/>\nPer informazioni e prenotazioni:\u00a0 Tel\/fax 0373 729263 &#8211; <a href=\"mailto:info@piccoloparallelo.net\">info@piccoloparallelo.net<\/a><\/p>\n<\/div>\n","protected":false},"excerpt":{"rendered":"<p>Le incredibili e stupefacenti imprese degli uomini e delle donne per superare i limiti e le leggi della natura 23 appuntamenti di spettacoli concerti ed esercizi del bel vivere PROGRAMMA dove non specificato, inizio spettacoli ore 21,30 &nbsp; &nbsp; sabato 18 giugno, dalle ore 20 alle 24 &#8211; Pumenengo (Bg) Partenza dal Castello Barb\u00f2 IL &hellip; <\/p>\n<p class=\"link-more\"><a href=\"https:\/\/www.diaolin.com\/wordpress\/?page_id=2738\" class=\"more-link\">Leggi tutto<span class=\"screen-reader-text\"> &#8220;Odissea 2011&#8221;<\/span><\/a><\/p>\n","protected":false},"author":5,"featured_media":0,"parent":4053,"menu_order":0,"comment_status":"closed","ping_status":"closed","template":"","meta":{"footnotes":""},"categories":[1],"_links":{"self":[{"href":"https:\/\/www.diaolin.com\/wordpress\/index.php?rest_route=\/wp\/v2\/pages\/2738"}],"collection":[{"href":"https:\/\/www.diaolin.com\/wordpress\/index.php?rest_route=\/wp\/v2\/pages"}],"about":[{"href":"https:\/\/www.diaolin.com\/wordpress\/index.php?rest_route=\/wp\/v2\/types\/page"}],"author":[{"embeddable":true,"href":"https:\/\/www.diaolin.com\/wordpress\/index.php?rest_route=\/wp\/v2\/users\/5"}],"replies":[{"embeddable":true,"href":"https:\/\/www.diaolin.com\/wordpress\/index.php?rest_route=%2Fwp%2Fv2%2Fcomments&post=2738"}],"version-history":[{"count":32,"href":"https:\/\/www.diaolin.com\/wordpress\/index.php?rest_route=\/wp\/v2\/pages\/2738\/revisions"}],"predecessor-version":[{"id":4061,"href":"https:\/\/www.diaolin.com\/wordpress\/index.php?rest_route=\/wp\/v2\/pages\/2738\/revisions\/4061"}],"up":[{"embeddable":true,"href":"https:\/\/www.diaolin.com\/wordpress\/index.php?rest_route=\/wp\/v2\/pages\/4053"}],"wp:attachment":[{"href":"https:\/\/www.diaolin.com\/wordpress\/index.php?rest_route=%2Fwp%2Fv2%2Fmedia&parent=2738"}],"wp:term":[{"taxonomy":"category","embeddable":true,"href":"https:\/\/www.diaolin.com\/wordpress\/index.php?rest_route=%2Fwp%2Fv2%2Fcategories&post=2738"}],"curies":[{"name":"wp","href":"https:\/\/api.w.org\/{rel}","templated":true}]}}