{"id":6772,"date":"2020-12-19T14:36:25","date_gmt":"2020-12-19T13:36:25","guid":{"rendered":"http:\/\/www.diaolin.com\/wordpress\/?page_id=6772"},"modified":"2020-12-19T14:49:39","modified_gmt":"2020-12-19T13:49:39","slug":"cucina-e","status":"publish","type":"page","link":"https:\/\/www.diaolin.com\/wordpress\/?page_id=6772","title":{"rendered":"Cucina e&#8230;"},"content":{"rendered":"<h2 class=\"sub-title-primary\"><\/h2> <p><code>\n<!-- Page-list plugin v.5.9 wordpress.org\/plugins\/page-list\/ -->\n<div class=\"page-list page-list-ext \">\n<div class=\"page-list-ext-item\"><h3 class=\"page-list-ext-title\"><a href=\"https:\/\/www.diaolin.com\/wordpress\/?page_id=4527\" title=\"(I) luce\">(I) luce<\/a><\/h3><div class=\"page-list-ext-item-content\">Era l\u00ec, mi osservava\r\nassente\r\ncome un volo di farfalla\r\nuno sguardo impietoso\r\ne poi morire \r\nvolevo soltanto morire\r\nmentre scendeva dietro la duna\r\nbaciando un'acacia\r\nannegata di miele\r\n\r\nGiuliano \r\n\r\n<\/div><\/div>\n<div class=\"page-list-ext-item\"><h3 class=\"page-list-ext-title\"><a href=\"https:\/\/www.diaolin.com\/wordpress\/?page_id=4878\" title=\"(I) light\">(I) light<\/a><\/h3><div class=\"page-list-ext-item-content\">It was there, observing me\r\nabsent\r\nlike the flight of a butterfly\r\nmerciless look\r\nand then I wanted to die\r\nonly wanted to die\r\nwhile it climbed behind\r\nthe dune to kiss an acacia\r\ndrowning in honey\r\n\r\nGuido Comin PoetaMatus\u00e8l <\/div><\/div>\n<div class=\"page-list-ext-item\"><h3 class=\"page-list-ext-title\"><a href=\"https:\/\/www.diaolin.com\/wordpress\/?page_id=4536\" title=\"(II) polvere\">(II) polvere<\/a><\/h3><div class=\"page-list-ext-item-content\">E il vento buss\u00f2\r\nsulle ciglia socchiuse\r\ndi quel viso di pietra limata dal sole\r\ncarezzando le rughe nodose\r\ndi un vecchio ubriacone disteso\r\nnel portico scuro di sogni scordati.\r\nMacinava parole\r\nla notte\r\nsincera\r\nrespirando una luna di sabbia\r\n\r\nGiuliano ...<\/div><\/div>\n<div class=\"page-list-ext-item\"><h3 class=\"page-list-ext-title\"><a href=\"https:\/\/www.diaolin.com\/wordpress\/?page_id=4881\" title=\"(II) dust\">(II) dust<\/a><\/h3><div class=\"page-list-ext-item-content\">And the wind knocked\r\non eyelashes ajar\r\non that stone face honed by the sun\r\ncaressing the knobbly wrinkles\r\nof an old drunkard stretched out\r\nin dark lobbies of forgotten dreams.\r\nGrinding words\r\nwas the night\r\nsincere\r\nbreathing a sand moon\r\n\r\nGuido...<\/div><\/div>\n<div class=\"page-list-ext-item\"><h3 class=\"page-list-ext-title\"><a href=\"https:\/\/www.diaolin.com\/wordpress\/?page_id=4541\" title=\"(III) respiro\">(III) respiro<\/a><\/h3><div class=\"page-list-ext-item-content\">arso il vento\r\ntrastulla le foglie\r\nd'un acero monco\r\nmaldicendo il sentiero scosceso\r\ncarrettiere di some di voci\r\nsopra schiene\r\ningobbite sui ciotoli\r\nsmunti da vuote parole\r\npassi grevi\r\nlasciati a cullarsi\r\nsopra ali\r\ndi niente\r\n\r\nGiuliano \r\n\r\n(III)...<\/div><\/div>\n<div class=\"page-list-ext-item\"><h3 class=\"page-list-ext-title\"><a href=\"https:\/\/www.diaolin.com\/wordpress\/?page_id=4884\" title=\"(III) breath\">(III) breath<\/a><\/h3><div class=\"page-list-ext-item-content\">dry the wind\r\nplays with leaves\r\nof an amputee maple\r\ntree cursing the steep path\r\ncarter of burdens of voices\r\non backs\r\nhunched over cobblestones\r\nthat empty words wear away\r\nheavy footsteps\r\nleft to lull themselves\r\non wings made\r\nof nothing\r\n\r\nGuido...<\/div><\/div>\n<div class=\"page-list-ext-item\"><h3 class=\"page-list-ext-title\"><a href=\"https:\/\/www.diaolin.com\/wordpress\/?page_id=4549\" title=\"(IV) ordito\">(IV) ordito<\/a><\/h3><div class=\"page-list-ext-item-content\">sulle punte degli aghi\r\ndi un pino odoroso\r\nsputa il ragno una tela\r\ndisegno preciso e\r\nconfine di mondi\r\nabbreviati dal soffio\r\ndi un vento malvagio\r\nnel feroce risucchio\r\nche ingoia i lamenti\r\nin voli di foglie rubate\r\nsmarrite nel bosco\r\n\r\nGiuliano...<\/div><\/div>\n<div class=\"page-list-ext-item\"><h3 class=\"page-list-ext-title\"><a href=\"https:\/\/www.diaolin.com\/wordpress\/?page_id=4887\" title=\"(IV) warp\">(IV) warp<\/a><\/h3><div class=\"page-list-ext-item-content\">on the tips of the needles\r\nof an odorous pine tree\r\nspits a spider its web\r\ndesigned with precision\r\nand delimiting worlds\r\ncurtailed by the breath\r\nof a wind that is evil\r\nin the savaging whirlpool\r\nthat swallows all wailings\r\namidst flights of stolen\r\nleaves...<\/div><\/div>\n<div class=\"page-list-ext-item\"><h3 class=\"page-list-ext-title\"><a href=\"https:\/\/www.diaolin.com\/wordpress\/?page_id=4580\" title=\"(V) speranza\">(V) speranza<\/a><\/h3><div class=\"page-list-ext-item-content\">avrei voluto fosse un solco\r\nlasciato come testamento\r\nimpresso sulla sabbia arsa\r\nda mani ruvide di uomo\r\nche sognava\u00a0 nuovi giorni\r\nma nelle storie della gente\r\nlo sento solo come un soffio\r\nsfuggente impeto di niente\r\nignoto segno su di un viso\r\nper ...<\/div><\/div>\n<div class=\"page-list-ext-item\"><h3 class=\"page-list-ext-title\"><a href=\"https:\/\/www.diaolin.com\/wordpress\/?page_id=4893\" title=\"(V) hopefulness\">(V) hopefulness<\/a><\/h3><div class=\"page-list-ext-item-content\">I\u2019d have preferred it a furrow\r\nleft behind as a testament\r\nprinted into the dry sands\r\nby the rough hands of a man\r\nwho was dreaming new days\r\nbut in people\u2019s stories\r\nI only feel it as a whiff\r\nfleeting impulsion of nothing\r\nunknown mark on a face\r\nfor a f...<\/div><\/div>\n<div class=\"page-list-ext-item\"><h3 class=\"page-list-ext-title\"><a href=\"https:\/\/www.diaolin.com\/wordpress\/?page_id=4647\" title=\"(VI) acqua\">(VI) acqua<\/a><\/h3><div class=\"page-list-ext-item-content\">canta il fruscio della sera\r\nla farfalla che ondeggia tra le rive\r\nabbandonate alle radici\r\ndi un salice dormiente\r\ntrascinando verso valle bastimenti\r\nmorte assenze di un castagno malandato\r\ncontro il tempo che non cede\r\nannegate dentro un mare sconosciuto\r\nfatto...<\/div><\/div>\n<div class=\"page-list-ext-item\"><h3 class=\"page-list-ext-title\"><a href=\"https:\/\/www.diaolin.com\/wordpress\/?page_id=4896\" title=\"(VI) water\">(VI) water<\/a><\/h3><div class=\"page-list-ext-item-content\">It sings the evening rustle\r\nthe butterfly that sways between banks\r\nsurrendered to the roots\r\nof a sleeping willow\r\nthat drags downstream great ships\r\ndead absences of a tatty chestnut tree\r\nagainst time that won\u2019t give in\r\ndrowned in a sea that no-one k...<\/div><\/div>\n<div class=\"page-list-ext-item\"><h3 class=\"page-list-ext-title\"><a href=\"https:\/\/www.diaolin.com\/wordpress\/?page_id=4654\" title=\"(VII) parole\">(VII) parole<\/a><\/h3><div class=\"page-list-ext-item-content\">Da dietro un Niq\u00e0b di parole\r\nosservo la vita che corre sopita\r\ndistesa su un foglio di voci silenti\r\nbrusio di pensieri sconnessi\r\nradici di acacia spinosa\r\npiantate nel tiepido seme di roccia\r\nlasciata appassire al sole d'inverno\r\nIntanto attraversa ...<\/div><\/div>\n<div class=\"page-list-ext-item\"><h3 class=\"page-list-ext-title\"><a href=\"https:\/\/www.diaolin.com\/wordpress\/?page_id=4901\" title=\"(VII) words\">(VII) words<\/a><\/h3><div class=\"page-list-ext-item-content\">\r\n\r\nFrom behind a niqab of words\r\nI observe life as it slumbering flows\r\nspread out on a leaf of hushed voices\r\na humming of thoughts disconnected\r\nroots of a thorny acacia\r\nset in the lukewarm seed of rock\r\nleft to wither in the winter sun\r\nwhile through...<\/div><\/div>\n<div class=\"page-list-ext-item\"><h3 class=\"page-list-ext-title\"><a href=\"https:\/\/www.diaolin.com\/wordpress\/?page_id=4661\" title=\"(VIII) guerra\">(VIII) guerra<\/a><\/h3><div class=\"page-list-ext-item-content\">accordo finale per chiudere il conto\r\ncon vecchi banchieri in odore di morte\r\nastratto conteggio di numeri rossi\r\nsu libri di carta che evapora al vento\r\nson bianche parole i nomi di gente\r\ndonata alla mira di onesti cecchini\r\ninerti sculture per lapidi...<\/div><\/div>\n<div class=\"page-list-ext-item\"><h3 class=\"page-list-ext-title\"><a href=\"https:\/\/www.diaolin.com\/wordpress\/?page_id=4904\" title=\"(VIII) war\">(VIII) war<\/a><\/h3><div class=\"page-list-ext-item-content\">final agreement to settle the bill\r\nwith bankers decrepit and reeking of death\r\nabstract counting of figures all red\r\non books made of paper the wind\r\nturns to wind white words are the names\r\nof people as gifts to the sight of honest\r\nsnipers inanimate...<\/div><\/div>\n<div class=\"page-list-ext-item\"><h3 class=\"page-list-ext-title\"><a href=\"https:\/\/www.diaolin.com\/wordpress\/?page_id=5429\" title=\"33 trentini su Rai2 di Flavio Pedrotti ed Elisabetta Curzel\">33 trentini su Rai2 di Flavio Pedrotti ed Elisabetta Curzel<\/a><\/h3><div class=\"page-list-ext-item-content\">Alcuni giorni fa \u00e8 andato in onda la mia intervista su Rai2  (20 gennaio alle 15:00)\r\n\r\nLa potete ascoltare in integrale qui sopra.\r\n\r\nGrazie al regista Flavio Pedrotti  ed a Elisabetta Curzel  per questa\r\nsplendida opportunit\u00e0\r\n\r\nDiaolin <\/div><\/div>\n<div class=\"page-list-ext-item\"><h3 class=\"page-list-ext-title\"><a href=\"https:\/\/www.diaolin.com\/wordpress\/?page_id=6762\" title=\"5 settembre 2020\">5 settembre 2020<\/a><\/h3><div class=\"page-list-ext-item-content\"> \r\n\r\n&nbsp;\r\n\r\nSiete tutti invitati, ore 21 a Sover\r\n\r\nmappa: https:\/\/www.mapsdirections.info\/it\/traccia-itinerario-google-maps\/viewMap.php?route=274252\r\n\r\n \r\n\r\nSi raccomanda di mantenere le distanze e di seguire la normativa anti-covid. All'ingresso...<\/div><\/div>\n<div class=\"page-list-ext-item\"><h3 class=\"page-list-ext-title\"><a href=\"https:\/\/www.diaolin.com\/wordpress\/?page_id=6513\" title=\"Banda di Faedo\">Banda di Faedo<\/a><\/h3><div class=\"page-list-ext-item-content\">\r\n  \r\nScrivendo questo testo ho voluto porre l\u2019accento sull\u2019ottimismo.  Perch\u00e9 ve lo voglio dire ora? Perch\u00e9, durante lo spettacolo, ci saranno momenti che potrebbero farvi pensare a tutt\u2019altro. Niente di pi\u00f9 sbagliato: l\u2019ottimismo, per me, non \u00e8 nasc...<\/div><\/div>\n<div class=\"page-list-ext-item\"><h3 class=\"page-list-ext-title\"><a href=\"https:\/\/www.diaolin.com\/wordpress\/?page_id=6164\" title=\"Ceridwens Kessel - Il calderone di Ceridwen\">Ceridwens Kessel - Il calderone di Ceridwen<\/a><\/h3><div class=\"page-list-ext-item-content\"> \r\n\r\n5 agosto 2017 alle ore 22 in localit\u00e0 Crosettina a Sover, 20 minuti dal paese\r\n\r\ndentro al bosco\r\n\r\nSiete tutti invitati...\r\n\r\n&nbsp;<\/div><\/div>\n<div class=\"page-list-ext-item\"><h3 class=\"page-list-ext-title\"><a href=\"https:\/\/www.diaolin.com\/wordpress\/?page_id=2469\" title=\"crucifixus\">crucifixus<\/a><\/h3><div class=\"page-list-ext-item-content\">  \r\nCrucifixus \r\nDodecaedro \r\nNel TIMEO Platone associa il tetraedro, l'ottaedro, il cubo e l'icosaedro a quelli che erano ritenuti i 4 elementi fondamentali: fuoco, aria, terra e acqua. Il dodecaedro \u00e8 per antonomasia sinonimo di simmetria ed \u00e8 associato s...<\/div><\/div>\n<div class=\"page-list-ext-item\"><h3 class=\"page-list-ext-title\"><a href=\"https:\/\/www.diaolin.com\/wordpress\/?page_id=5471\" title=\"Dicono...\">Dicono...<\/a><\/h3><div class=\"page-list-ext-item-content\">Suchert Daniel Di Schuler \r\nGiuliano Natali, Diaolin.\r\nE\u2019 un lirico straordinario, capace di offrirci visioni memorabili ad ogni verso. Le sue poesie non hanno paragoni nelle nostra tradizione. Riesco a spiegarle solo in termini cinematografici. Sono s...<\/div><\/div>\n<div class=\"page-list-ext-item\"><h3 class=\"page-list-ext-title\"><a href=\"https:\/\/www.diaolin.com\/wordpress\/?page_id=4953\" title=\"Digressioni sulla Civilt\u00e0\">Digressioni sulla Civilt\u00e0<\/a><\/h3><div class=\"page-list-ext-item-content\"> \r\nDiaolin  in collaborazione con\r\n\r\nMauro Tonino  (scrittore)\r\nRobert Mitterrutzner  (didgeridoo)\r\nMichele Dallagiacoma  (attore)\r\n\r\nAll'ultimo momento si sono aggiunti gli amici\r\n\r\nLina Morselli e Antonio G. Della Rocca  \r\n\r\nmentre Suchert Daniel Di...<\/div><\/div>\n<div class=\"page-list-ext-item\"><h3 class=\"page-list-ext-title\"><a href=\"https:\/\/www.diaolin.com\/wordpress\/?page_id=5007\" title=\"Digressioni sulla Civilt\u00e0 (i testi)\">Digressioni sulla Civilt\u00e0 (i testi)<\/a><\/h3><div class=\"page-list-ext-item-content\">Seguite le pagine (numeri in fondo) se volete vedere tutto il testo.  \r\nhttpv:\/\/www.youtube.com\/watch?v=EdiS1ML-c8g  \r\n \r\nore 9:10 all'esterno di Malga Sass  \r\n\r\n(Diaolin)  \r\nVernuga, Grosio di Valtellina  \r\n3 Novembre 1918 \r\nAlla Pregiata attenzione...<\/div><\/div>\n<div class=\"page-list-ext-item\"><h3 class=\"page-list-ext-title\"><a href=\"https:\/\/www.diaolin.com\/wordpress\/?page_id=5711\" title=\"Erri De Luca e la libert\u00e0...\">Erri De Luca e la libert\u00e0...<\/a><\/h3><div class=\"page-list-ext-item-content\">No, non sto parlando della libert\u00e0 di fare quello che si vuole ma della libert\u00e0 di dire quello che si vuole.\r\nA Erri De Luca, pare, che questa libert\u00e0 sia stata negata o perlomeno \u00e8 stato chiesto nella requisitoria\r\nche gli venga negata. Non voglio ent...<\/div><\/div>\n<div class=\"page-list-ext-item\"><h3 class=\"page-list-ext-title\"><a href=\"https:\/\/www.diaolin.com\/wordpress\/?page_id=5620\" title=\"IDENTIT\u00c0\">IDENTIT\u00c0<\/a><\/h3><div class=\"page-list-ext-item-content\">L'arte \u00e8 la domanda, l'artigianato una delle possibili risposte. \r\nClaus Soraperra \u00e8 ARTE. (Diaolin) \r\n&nbsp;\r\n\r\n&nbsp;\r\n\r\n&nbsp;\r\nVERNISSAGE + ARTBOOK PRESENTATION \r\n11.06.2015 \/ 20.30 \r\nLIA MOSTRA D'ERT_ORTISEI (BZ) \r\n&nbsp;\r\n\r\nIl progetto  realizzato d...<\/div><\/div>\n<div class=\"page-list-ext-item\"><h3 class=\"page-list-ext-title\"><a href=\"https:\/\/www.diaolin.com\/wordpress\/?page_id=4785\" title=\"Il fascista in noi\">Il fascista in noi<\/a><\/h3><div class=\"page-list-ext-item-content\">Clicca sul titolo e troverai alcune considerazioni che voglio tenere in un posto apposito\r\n\r\n&nbsp;\r\n\r\n\r\n\r\n&nbsp;\r\n\r\n&nbsp;<\/div><\/div>\n<div class=\"page-list-ext-item\"><h3 class=\"page-list-ext-title\"><a href=\"https:\/\/www.diaolin.com\/wordpress\/?page_id=5664\" title=\"Io non ho niente da nascondere\">Io non ho niente da nascondere<\/a><\/h3><div class=\"page-list-ext-item-content\"> \r\n\r\nI servizi web non sono n\u00e9 LIBERI , n\u00e9 DEMOCRATICI  e, soprattutto, non sono GRATUITI : la merce siamo NOI , le nostre IDENTIT\u00c0 , le nostre ABITUDINI  e quelle dei nostri AMICI . \r\n\r\nLa libert\u00e0 non \u00e8 gratuita : costa cara:  \r\n\r\nDove stanno i DATI...<\/div><\/div>\n<div class=\"page-list-ext-item\"><h3 class=\"page-list-ext-title\"><a href=\"https:\/\/www.diaolin.com\/wordpress\/?page_id=5631\" title=\"Io non ho niente da nascondere.\">Io non ho niente da nascondere.<\/a><\/h3><div class=\"page-list-ext-item-content\"> \r\n\r\nI servizi web non sono n\u00e9 LIBERI , n\u00e9 DEMOCRATICI  e, soprattutto, non sono GRATUITI : la merce siamo NOI , le nostre IDENTIT\u00c0 , le nostre ABITUDINI  e quelle dei nostri AMICI . \r\n\r\nLa libert\u00e0 non \u00e8 gratuita : costa cara:  \r\n\r\nDove stanno i DATI...<\/div><\/div>\n<div class=\"page-list-ext-item\"><h3 class=\"page-list-ext-title\"><a href=\"https:\/\/www.diaolin.com\/wordpress\/?page_id=5084\" title=\"Lettere accent[U]ate\">Lettere accent[U]ate<\/a><\/h3><div class=\"page-list-ext-item-content\">  \r\nOgni serata avr\u00e0 la sua diretta (con la fantastica collaborazione di Francesco Lunelli di Ymir) \r\n  \r\nLettere accent [U]  ate :  un nuovo progetto che voglio portare avanti quest'inverno al Mol\u00ecn de Portegn\u00e0ch di Faver, in valle di Cembra assieme ai...<\/div><\/div>\n<div class=\"page-list-ext-item\"><h3 class=\"page-list-ext-title\"><a href=\"https:\/\/www.diaolin.com\/wordpress\/?page_id=5151\" title=\"1. Johann Sebastian Bach\">1. Johann Sebastian Bach<\/a><\/h3><div class=\"page-list-ext-item-content\">  \r\n\r\n28 novembre 2014, ore 20:45 - Molin de Portegnach - Faver\r\n \r\n\r\nAvevo, credo, 11 anni, quando per la prima volta sentii alla radio l'Adagio, l'Adagio dalla Toccata Adagio e Fuga in do maggiore di Johann Sebastian Bach eseguita, dissero, dal grande...<\/div><\/div>\n<div class=\"page-list-ext-item\"><h3 class=\"page-list-ext-title\"><a href=\"https:\/\/www.diaolin.com\/wordpress\/?page_id=5386\" title=\"Video Lettere Accent[U]ate - Johann Sebastian Bach\">Video Lettere Accent[U]ate - Johann Sebastian Bach<\/a><\/h3><div class=\"page-list-ext-item-content\">https:\/\/www.youtube.com\/watch?v=mut4g1J8ot8\r\n\r\n&nbsp;\r\n\r\nla registrazione \u00e8 stata curata dall'amico Francesco Lunelli di\u00a0Ymir  che ci seguir\u00e0 per tutto il ciclo.<\/div><\/div>\n<div class=\"page-list-ext-item\"><h3 class=\"page-list-ext-title\"><a href=\"https:\/\/www.diaolin.com\/wordpress\/?page_id=5165\" title=\"2. Wolfgang Amadeus Mozart\">2. Wolfgang Amadeus Mozart<\/a><\/h3><div class=\"page-list-ext-item-content\">  19 dicembre 2014, ore 20:45 - Molin de Portegnach - Faver\r\n \r\n\r\nUn viaggio, quando sento parlare di Mozart  mi viene in mente un viaggio, chiss\u00e0 perch\u00e9?\r\n\r\nForse per i ricordi riguardanti la sua storica fermata in quel di Rovereto per concerti o, f...<\/div><\/div>\n<div class=\"page-list-ext-item\"><h3 class=\"page-list-ext-title\"><a href=\"https:\/\/www.diaolin.com\/wordpress\/?page_id=5396\" title=\"Video Lettere Accent[U]ate - Wolfgang Amadeus Mozart\">Video Lettere Accent[U]ate - Wolfgang Amadeus Mozart<\/a><\/h3><div class=\"page-list-ext-item-content\">https:\/\/www.youtube.com\/watch?v=u7OEmlSmrAQ\r\n\r\nla registrazione \u00e8 stata curata dall\u2019amico Francesco Lunelli di\u00a0Ymir  che ci seguir\u00e0 per tutto il ciclo.<\/div><\/div>\n<div class=\"page-list-ext-item\"><h3 class=\"page-list-ext-title\"><a href=\"https:\/\/www.diaolin.com\/wordpress\/?page_id=5168\" title=\"3. Edith Piaf\">3. Edith Piaf<\/a><\/h3><div class=\"page-list-ext-item-content\">  9 gennaio 2015 \r\n\r\nMia madre era al banco del bar e mio padre aveva appena finito di preparare i polli da mettere sul girarrosto al pomeriggio.\r\nEra un periodo in cui, l'estate, il sabato e la domenica il girarrosto continuava a girare portando gli...<\/div><\/div>\n<div class=\"page-list-ext-item\"><h3 class=\"page-list-ext-title\"><a href=\"https:\/\/www.diaolin.com\/wordpress\/?page_id=5414\" title=\"Video Lettere Accent[U]ate - Edith Piaf\">Video Lettere Accent[U]ate - Edith Piaf<\/a><\/h3><div class=\"page-list-ext-item-content\">https:\/\/www.youtube.com\/watch?v=LGqbfxv2WE4\r\n\r\nla registrazione \u00e8 stata curata dall\u2019amico Francesco Lunelli di Ymir che ci seguir\u00e0 per tutto il ciclo.<\/div><\/div>\n<div class=\"page-list-ext-item\"><h3 class=\"page-list-ext-title\"><a href=\"https:\/\/www.diaolin.com\/wordpress\/?page_id=5172\" title=\"4. Richard Galliano\">4. Richard Galliano<\/a><\/h3><div class=\"page-list-ext-item-content\"> 20 febbraio 2015 \r\n\r\nTanto per entrare subito nel vivo ed allacciarmi ad uno di voi due voglio raccontarvi un piccolo aneddoto che, guarda caso, \u00e8 successo proprio a me:\r\nun bel giorno, alcuni anni orsono, mi sono ritrovato su una stradina di montagna, ...<\/div><\/div>\n<div class=\"page-list-ext-item\"><h3 class=\"page-list-ext-title\"><a href=\"https:\/\/www.diaolin.com\/wordpress\/?page_id=5482\" title=\"Video Lettere Accent[U]ate - Richard Galliano\">Video Lettere Accent[U]ate - Richard Galliano<\/a><\/h3><div class=\"page-list-ext-item-content\">https:\/\/www.youtube.com\/watch?v=2TjwJg-v6AI\r\n\r\nla registrazione \u00e8 stata curata dalla simpaticissima Vittoria Paolazzi di Faver e pubblicata dall'amico Francesco Lunelli di Ymir sul canale www.trentino.tv\r\n\r\n&nbsp;<\/div><\/div>\n<div class=\"page-list-ext-item\"><h3 class=\"page-list-ext-title\"><a href=\"https:\/\/www.diaolin.com\/wordpress\/?page_id=5174\" title=\"5. Elisabeth Schwarzkopf\">5. Elisabeth Schwarzkopf<\/a><\/h3><div class=\"page-list-ext-item-content\">  13 marzo 2015 \r\nKennst du das Land wo die Zitronen bl\u00fchn?  \r\nEccola qui la mia Schwarzkopf , questo \u00e8 stato l'incipit che mi ha portato a conoscerla: un Lied molto conosciuto e riproposto da diversi compositori molto noti ma questa versione \u00e8 quella mu...<\/div><\/div>\n<div class=\"page-list-ext-item\"><h3 class=\"page-list-ext-title\"><a href=\"https:\/\/www.diaolin.com\/wordpress\/?page_id=5516\" title=\"Video Lettere Accent[U]ate \u2013 Elisabeth Schwarzkopf\">Video Lettere Accent[U]ate \u2013 Elisabeth Schwarzkopf<\/a><\/h3><div class=\"page-list-ext-item-content\">https:\/\/www.youtube.com\/watch?v=2-BS1xG1bPI\r\n\r\nCon Chiara Brun e Antonio Castagna<\/div><\/div>\n<div class=\"page-list-ext-item\"><h3 class=\"page-list-ext-title\"><a href=\"https:\/\/www.diaolin.com\/wordpress\/?page_id=5176\" title=\"6. Glenn Gould\">6. Glenn Gould<\/a><\/h3><div class=\"page-list-ext-item-content\">[:de]  10 aprile 2015 \r\n\r\nAscolti Glenn Gould  che si immedesima con i martelletti del suo pianoforte fino allo spasmodico e doloroso canto che aleggia sopra tutta la meravigliosa tessitura di quel \"Bach da seta \", ormai convertito in telaio per costruire...<\/div><\/div>\n<div class=\"page-list-ext-item\"><h3 class=\"page-list-ext-title\"><a href=\"https:\/\/www.diaolin.com\/wordpress\/?page_id=5524\" title=\"Video Lettere Accent[U]ate \u2013 Glenn Gould\">Video Lettere Accent[U]ate \u2013 Glenn Gould<\/a><\/h3><div class=\"page-list-ext-item-content\">https:\/\/www.youtube.com\/watch?v=U2HzmJ4q6m4\r\n\r\n&nbsp;\r\n\r\nCon Robert Mitterrutzner e Daniel Di Schuler direttamente da La Coruna (Galizia - Spagna)<\/div><\/div>\n<div class=\"page-list-ext-item\"><h3 class=\"page-list-ext-title\"><a href=\"https:\/\/www.diaolin.com\/wordpress\/?page_id=5170\" title=\"7. Arturo Benedetti Michelangeli\">7. Arturo Benedetti Michelangeli<\/a><\/h3><div class=\"page-list-ext-item-content\">24 aprile 2015 \r\n&nbsp;\r\n\r\n \r\n\r\n\r\n\r\nErano anni tosti, allora, molto tosti.\r\n\r\nSi parlava di rivoluzione e si prospettava per tutti un idea di libert\u00e0 che a quell'et\u00e0 facevo fatica a comprendere. Gli insegnanti non aiutavano, sceglievano per te, i genitori n...<\/div><\/div>\n<div class=\"page-list-ext-item\"><h3 class=\"page-list-ext-title\"><a href=\"https:\/\/www.diaolin.com\/wordpress\/?page_id=5640\" title=\"Video Lettere Accent[U]ate \u2013 Arturo Benedetti Michelangeli\">Video Lettere Accent[U]ate \u2013 Arturo Benedetti Michelangeli<\/a><\/h3><div class=\"page-list-ext-item-content\"><\/div><\/div>\n<div class=\"page-list-ext-item\"><h3 class=\"page-list-ext-title\"><a href=\"https:\/\/www.diaolin.com\/wordpress\/?page_id=5888\" title=\"Pagina di destinazione Widget\">Pagina di destinazione Widget<\/a><\/h3><div class=\"page-list-ext-item-content\">[wppa type=\"landing\"][\/wppa]<\/div><\/div>\n<div class=\"page-list-ext-item\"><h3 class=\"page-list-ext-title\"><a href=\"https:\/\/www.diaolin.com\/wordpress\/?page_id=5614\" title=\"Privacy policy\">Privacy policy<\/a><\/h3><div class=\"page-list-ext-item-content\">\r\nPrivacy Policy \r\n \r\n\r\nItaliano: \r\nQuesto sito usa dei cookie . Non per tracciarti o profilarti, solo per permettere al sito di funzionare correttamente e fare statistiche delle visite (con piwik  su nostro server). Inoltre per i collegamenti con i social...<\/div><\/div>\n<div class=\"page-list-ext-item\"><h3 class=\"page-list-ext-title\"><a href=\"https:\/\/www.diaolin.com\/wordpress\/?page_id=6750\" title=\"Requiem per la Repubblica\">Requiem per la Repubblica<\/a><\/h3><div class=\"page-list-ext-item-content\">Per voce solista e orchestra nel silenzio della notte italiana \r\nla serata sar\u00e0 fruibile dalla propria abitazione o dall'abitato di Sover\r\nqui sotto il video in diretta alle ore 21 del 15agosto 2020\r\n  \r\n\r\nRegistrazione fornita da Ymir srl  \r\nLa connessione ...<\/div><\/div>\n<div class=\"page-list-ext-item\"><h3 class=\"page-list-ext-title\"><a href=\"https:\/\/www.diaolin.com\/wordpress\/?page_id=7714\" title=\"Spettacolo per Suaad\">Spettacolo per Suaad<\/a><\/h3><div class=\"page-list-ext-item-content\">\r\n\r\n\r\n<\/div><\/div>\n<div class=\"page-list-ext-item\"><h3 class=\"page-list-ext-title\"><a href=\"https:\/\/www.diaolin.com\/wordpress\/?page_id=5779\" title=\"Strudel del Diaolin\">Strudel del Diaolin<\/a><\/h3><div class=\"page-list-ext-item-content\">Lo strudel NON SI FA con la pasta sfoglia! \r\nIngredienti: \r\npasta matta \r\n\r\n300gr farina bianca\r\n160gr acqua tiepida\r\n2 cucchiai olio d'oliva\r\n2 cucchiaini aceto bianco\r\n1 pizzico di sale\r\n\r\nmettere la farina in una terrina con l'olio, l'aceto e il sale,...<\/div><\/div>\n<div class=\"page-list-ext-item\"><h3 class=\"page-list-ext-title\"><a href=\"https:\/\/www.diaolin.com\/wordpress\/?page_id=6409\" title=\"Torta di mele\">Torta di mele<\/a><\/h3><div class=\"page-list-ext-item-content\"> \r\n\r\n&nbsp;\r\n\r\nIngredienti:\r\n4 uova medie\r\n200 g zucchero\r\n200 g olio di semi\r\n270 g farina 1\r\n1 bustina di lievito per dolci\r\n1 pizzico di sale\r\n1 limone grattugiato\r\n1\/2 limone spremuto\r\n4 mele rosse non tattate\r\n4 mele gialle non trattate\r\nuva passa...<\/div><\/div>\n<div class=\"page-list-ext-item\"><h3 class=\"page-list-ext-title\"><a href=\"https:\/\/www.diaolin.com\/wordpress\/?page_id=2725\" title=\"Tutti i miei scritti\">Tutti i miei scritti<\/a><\/h3><div class=\"page-list-ext-item-content\"> \r\n<\/div><\/div>\n<div class=\"page-list-ext-item\"><h3 class=\"page-list-ext-title\"><a href=\"https:\/\/www.diaolin.com\/wordpress\/?page_id=4053\" title=\"Varie\">Varie<\/a><\/h3><div class=\"page-list-ext-item-content\"><\/div><\/div>\n<div class=\"page-list-ext-item\"><h3 class=\"page-list-ext-title\"><a href=\"https:\/\/www.diaolin.com\/wordpress\/?page_id=2861\" title=\"alternative eteree...\">alternative eteree...<\/a><\/h3><div class=\"page-list-ext-item-content\"> \r\n\r\nDomenica 12 giugno e lunedi 13 scegli la vita... \r\n\u00a0\u00a0 \r\n\r\nun alternativa esiste... \r\nDEVI\u00a0SOLO SCEGLIERE!!!! \r\nIo sceglier\u00f2 4 SI. \r\n\u00a0 <\/div><\/div>\n<div class=\"page-list-ext-item\"><h3 class=\"page-list-ext-title\"><a href=\"https:\/\/www.diaolin.com\/wordpress\/?page_id=3930\" title=\"Canti da mat\">Canti da mat<\/a><\/h3><div class=\"page-list-ext-item-content\">  \r\nIl mio progetto\u00a0 con due amici (Guido Comin e Claudio Gottardi):\r\n\r\nVi chiederete cosa stiano a significare questi \u201cCanti da mat\u2026 \u201c \r\n\r\nL\u2019unico modo per scoprirlo \u00e8 leggerli lasciandosi andare su quello che provocano alla vostra immaginazione\u2026 \r\n\r\nIl sing...<\/div><\/div>\n<div class=\"page-list-ext-item\"><h3 class=\"page-list-ext-title\"><a href=\"https:\/\/www.diaolin.com\/wordpress\/?page_id=3416\" title=\"Crucifixus (stampa)\">Crucifixus (stampa)<\/a><\/h3><div class=\"page-list-ext-item-content\"> <\/div><\/div>\n<div class=\"page-list-ext-item\"><h3 class=\"page-list-ext-title\"><a href=\"https:\/\/www.diaolin.com\/wordpress\/?page_id=4466\" title=\"Dobelon\">Dobelon<\/a><\/h3><div class=\"page-list-ext-item-content\">Metodo di gioco \r\nIl Dobelon  \u00e8 un gioco di carte piuttosto simile al gioco della scopa. Si gioca in alcune valli della provincia di Trento ma anche in veneto in una variante che credo si chiami Scarabocion .\r\n\r\nPer poter giocare a questo gioco il mazzo ...<\/div><\/div>\n<div class=\"page-list-ext-item\"><h3 class=\"page-list-ext-title\"><a href=\"https:\/\/www.diaolin.com\/wordpress\/?page_id=4033\" title=\"Foto da nugole...\">Foto da nugole...<\/a><\/h3><div class=\"page-list-ext-item-content\">[wppa type=\"slide\" album=\"3\" size=\"450\" align=\"center\"][\/wppa] \r\n&nbsp;<\/div><\/div>\n<div class=\"page-list-ext-item\"><h3 class=\"page-list-ext-title\"><a href=\"https:\/\/www.diaolin.com\/wordpress\/?page_id=2890\" title=\"Gresta...\">Gresta...<\/a><\/h3><div class=\"page-list-ext-item-content\"> \r\n&nbsp; \r\n&nbsp; \r\nRep\u00e8zi de parole e na sonada for de g\u00e9sia! \r\nIncontro con musica e poesia con la partecipazione di \r\nDiaolin, Diego Raiteri, Martino Nicolodi e Alessandro Petri. \r\nDavanti alla chiesa di Gresta venerd\u00ec 1 luglio \r\nalle ore 21.00 \r\n...<\/div><\/div>\n<div class=\"page-list-ext-item\"><h3 class=\"page-list-ext-title\"><a href=\"https:\/\/www.diaolin.com\/wordpress\/?page_id=4502\" title=\"I &quot;Canti da mat&quot; a Campogalliano\">I &quot;Canti da mat&quot; a Campogalliano<\/a><\/h3><div class=\"page-list-ext-item-content\"> \r\n\r\n&nbsp;\r\n\r\n&nbsp;\r\n\r\n&nbsp;\r\nCanti da mat - Chants for a nut \r\n \r\nSABATO 21 SETTEMBRE 2013\r\n\r\n&nbsp;\r\n\r\nUna mostra in bilico tra testi e fotografie d'autore di Diaolin, MagoG (Claudio Gottardi), PoetaMatusel (Guido Comin) e Oscar Cl\u00f2\r\n\r\nINAUGURAZIONE\/RECITAL ...<\/div><\/div>\n<div class=\"page-list-ext-item\"><h3 class=\"page-list-ext-title\"><a href=\"https:\/\/www.diaolin.com\/wordpress\/?page_id=2870\" title=\"Invito al Castello Scaragne e larg\u00e0\">Invito al Castello Scaragne e larg\u00e0<\/a><\/h3><div class=\"page-list-ext-item-content\"> \r\n&nbsp;\r\nGioved\u00ec 23 giugno alle ore 21.00 presento il mio ultimo libro al Castello Di Pergine \r\nSiete tutti invitati!!!! <\/div><\/div>\n<div class=\"page-list-ext-item\"><h3 class=\"page-list-ext-title\"><a href=\"https:\/\/www.diaolin.com\/wordpress\/?page_id=4517\" title=\"Na n\u00f2t encantada\">Na n\u00f2t encantada<\/a><\/h3><div class=\"page-list-ext-item-content\">In collaborazione con COMUNE DI SOVER e SORGENTE 90\r\norganizzo in LOCALITA Malga Vernera Alta - Campigol - Sover\r\nil giorno 20 luglio alle ore 22.00:\r\n\r\n \r\n\r\nUNA NOTTE PER CERCARE CHI SIAMO E RACCONTARCI QUELLO CHE SIAMO SOTTO AD UN LENZUOLO DI STELLE....<\/div><\/div>\n<div class=\"page-list-ext-item\"><h3 class=\"page-list-ext-title\"><a href=\"https:\/\/www.diaolin.com\/wordpress\/?page_id=4028\" title=\"N\u00f9gole... Wolken\">N\u00f9gole... Wolken<\/a><\/h3><div class=\"page-list-ext-item-content\">respiri de anc\u00f6i \r\n\r\n\r\n&nbsp;\r\nAl Piccolo Teatro di Ora - Aur-Ora\r\nCon Diaolin, Martino Nicolodi, Robert Mitterrutzner \r\n \r\nUna storia fatta solo\r\ndi parole che sanno\r\ndi antico ma parlano\r\ndei nostri giorni. \r\nUna storia fatta di suoni\r\nper disegnare ...<\/div><\/div>\n<div class=\"page-list-ext-item\"><h3 class=\"page-list-ext-title\"><a href=\"https:\/\/www.diaolin.com\/wordpress\/?page_id=4046\" title=\"Nugole... video\">Nugole... video<\/a><\/h3><div class=\"page-list-ext-item-content\">httpv:\/\/www.youtube.com\/watch?v=qIgL-Dx3diI\r\n\r\nhttpv:\/\/www.youtube.com\/watch?v=Q7J7aQonBRg\r\n\r\nhttpv:\/\/www.youtube.com\/watch?v=Pw5caT8HVhw\r\n\r\nhttpv:\/\/www.youtube.com\/watch?v=luBd2UScA8o\r\n\r\nhttpv:\/\/www.youtube.com\/watch?v=TlmAJN1P0SM\r\n\r\nhttpv:\/\/www.youtube.com\/watch?v=jWIMXvxUqZ0\r\n\r\n&nbsp;\r\n\r\nCon...<\/div><\/div>\n<div class=\"page-list-ext-item\"><h3 class=\"page-list-ext-title\"><a href=\"https:\/\/www.diaolin.com\/wordpress\/?page_id=2738\" title=\"Odissea 2011\">Odissea 2011<\/a><\/h3><div class=\"page-list-ext-item-content\"> \r\n\r\nLe incredibili e stupefacenti imprese   \r\ndegli uomini e delle donne per superare i limiti e le leggi della natura \r\n   23 appuntamenti di spettacoli concerti    \r\ned esercizi del bel vivere \r\n     \r\n       \r\nPROGRAMMA\r\n dove non specificato, inizio...<\/div><\/div>\n<div class=\"page-list-ext-item\"><h3 class=\"page-list-ext-title\"><a href=\"https:\/\/www.diaolin.com\/wordpress\/?page_id=2896\" title=\"rester\u00e0 en \u00f2m\">rester\u00e0 en \u00f2m<\/a><\/h3><div class=\"page-list-ext-item-content\">  \r\n\r\n  \r\n\u00a0la decisione... \r\n&nbsp;\r\nSpettacolo al Molin de Portegn\u00e0ch, 3 dicembre 2011 alle ore 21:00  \r\n\r\n\r\n  \r\nDi e con: \r\nDiaolin, Livio Andreatta, Massimiliano Rizzoli, Vera Rossi, Stefano Nardon \r\nBabol, Michele Dallagiacoma, Mattia Nardin \r\n\r\nQuesto m...<\/div><\/div>\n<div class=\"page-list-ext-item\"><h3 class=\"page-list-ext-title\"><a href=\"https:\/\/www.diaolin.com\/wordpress\/?page_id=3424\" title=\"Sus\u00f9ri dal r\u00eco\">Sus\u00f9ri dal r\u00eco<\/a><\/h3><div class=\"page-list-ext-item-content\"> \r\n\r\nSus\u00f9ri dal r\u00eco  \r\nRESPIRI \u2018N L\u00d2NGA A \u2018L AV\u00ccS  \r\nSABATO 25 AGOSTO ORE 22.00\r\nperformance poetico-musicale al\r\n\u201cP\u00f2nt de la Rio\u201d\r\n(finir\u00e0 con una chiacchierata attorno al fuoco finch\u00e9 vincer\u00e0 la notte)\r\nDOMENICA 26 AGOSTO ORE 06.00\r\npartenza dal \u201cP\u00f2nt de la...<\/div><\/div>\n<div class=\"page-list-ext-item\"><h3 class=\"page-list-ext-title\"><a href=\"https:\/\/www.diaolin.com\/wordpress\/?page_id=3563\" title=\"Sus\u00f9ri dal r\u00eco...\">Sus\u00f9ri dal r\u00eco...<\/a><\/h3><div class=\"page-list-ext-item-content\"> \r\n\r\nSus\u00f9ri dal r\u00eco \r\nRESPIRI \u2018N L\u00d2NGA A \u2018L AV\u00ccS  \r\nSABATO 25 AGOSTO ORE 22.00 \r\nperformance poetico-musicale al\r\n\u201cP\u00f2nt de la Rio\u201d\r\n(finir\u00e0 con una chiacchierata attorno al fuoco finch\u00e9 vincer\u00e0 la notte) \r\nDOMENICA 26 AGOSTO ORE 06.00 \r\npartenza dal ...<\/div><\/div>\n<div class=\"page-list-ext-item\"><h3 class=\"page-list-ext-title\"><a href=\"https:\/\/www.diaolin.com\/wordpress\/?page_id=3743\" title=\"un teTesco molto avanti...\">un teTesco molto avanti...<\/a><\/h3><div class=\"page-list-ext-item-content\">esco dal mio solito tran tran e pubblico questo video a sostegno del bisogno di ripartire\r\n\r\n&nbsp;\r\n\r\nhttpv:\/\/www.youtube.com\/watch?v=J7IYq8JOP_c&amp;feature=related\r\n\r\n&nbsp;\r\n\r\nvi invito ad ascoltare (ci sono i sotto titoli)\r\n\r\n&nbsp;\r\n\r\nE poi vomitiamo...<\/div><\/div>\n<div class=\"page-list-ext-item\"><h3 class=\"page-list-ext-title\"><a href=\"https:\/\/www.diaolin.com\/wordpress\/?page_id=2936\" title=\"voci e suoni dalla montagna 2011\">voci e suoni dalla montagna 2011<\/a><\/h3><div class=\"page-list-ext-item-content\">\r\n\r\n&nbsp;\r\nA Malga Sass verso i pradi da le fior nel comune di   \r\nValfloriana  una mattinata di poesia, musica e sensazioni   \r\ninsieme ad uno spettacolo  della natura ineguagliabile.  \r\n \r\nVi aspettiamo tutti alle 6.00 per una breve escursione in ...<\/div><\/div>\n<div class=\"page-list-ext-item\"><h3 class=\"page-list-ext-title\"><a href=\"https:\/\/www.diaolin.com\/wordpress\/?page_id=3221\" title=\"WIKIPEDIA: bufala o realt\u00e0?\">WIKIPEDIA: bufala o realt\u00e0?<\/a><\/h3><div class=\"page-list-ext-item-content\"> \r\n&nbsp;\r\n\r\n&nbsp;\r\n    \r\n\r\n\r\nInizio ore 20.30   \r\nIngresso libero  \r\n \r\n \r\n \r\nL\u2019informazione: deve essere libera o vera? di e con: Diaolin, Mario Santini, il pubblico \r\n\r\nUna serata in compagnia per uno spettacolo (IN) differente\r\n\r\nhttp:\/\/www.sorgente90.org\/?page_id=109&amp;event=61 \r...<\/div><\/div>\n<div class=\"page-list-ext-item\"><h3 class=\"page-list-ext-title\"><a href=\"https:\/\/www.diaolin.com\/wordpress\/?page_id=196\" title=\"El dis el bis al tas\u2026\">El dis el bis al tas\u2026<\/a><\/h3><div class=\"page-list-ext-item-content\">Del Gregaredo Begoncias  alias Camillo Conotter dela Vela \r\n\r\nDre 'n mas su 'n vers Lases\r\nen bis che neva a spas\r\n'l s'a trov\u00e0 sora 'n bus\r\nsquert su de rais\r\n\r\ne 'ndel sgaus del bus\r\nel bis l'ha vist en tas\r\n\"Tei, ti, balos che s\u00e8s!\"\r\n- el dis el b...<\/div><\/div>\n<div class=\"page-list-ext-item\"><h3 class=\"page-list-ext-title\"><a href=\"https:\/\/www.diaolin.com\/wordpress\/?page_id=5644\" title=\"Video LettereAccent[U]ate 2015\">Video LettereAccent[U]ate 2015<\/a><\/h3><div class=\"page-list-ext-item-content\">\r\n\r\n\r\n\r\n\r\n\r\n\r\n\r\n&nbsp;<\/div><\/div>\n<div class=\"page-list-ext-item\"><h3 class=\"page-list-ext-title\"><a href=\"https:\/\/www.diaolin.com\/wordpress\/?page_id=648\" title=\"Chi \u00e8lo &#039;l Diaolin?\">Chi \u00e8lo &#039;l Diaolin?<\/a><\/h3><div class=\"page-list-ext-item-content\">&nbsp;\r\n\r\n\"Sono un' anima zingara rinchiusa nel segno lasciato da una penna su un foglio di carta, che prima o poi svanir\u00e0 per tornare al punto da cui \u00e8 partita ... e sulla carta rester\u00e0 solo il solco di una piccola sfera e non avr\u00e0 pi\u00f9 colore ... Mi p...<\/div><\/div>\n<div class=\"page-list-ext-item\"><h3 class=\"page-list-ext-title\"><a href=\"https:\/\/www.diaolin.com\/wordpress\/?page_id=2178\" title=\"a sc\u00f2ndil\u00e9oro...\">a sc\u00f2ndil\u00e9oro...<\/a><\/h3><div class=\"page-list-ext-item-content\">  \r\n \r\n\r\nA sc\u00f2ndil\u00e9oro f\u00f6r par le giare de l'Av\u00ecs \r\nparole, poesia e na bic\u00e9ra de z\u00e0ibel\r\npar record\u00e0rne chiche sen!!!! \r\ncon Diaolin, Corado da Caoriana\r\nMariano e la zib\u00f2ga del Rosso \r\nsabato 16 aprile 2011, ore 21.00\r\nal Molin de Portegn\u00e0ch vicino a...<\/div><\/div>\n<div class=\"page-list-ext-item\"><h3 class=\"page-list-ext-title\"><a href=\"https:\/\/www.diaolin.com\/wordpress\/?page_id=1735\" title=\"al cant del gal\u2026.\">al cant del gal\u2026.<\/a><\/h3><div class=\"page-list-ext-item-content\">\r\n \r\n \r\n  \r\nal cant del gal \r\nentr\u00e0 l'ombr\u00eca del d\u00ec e 'l slusor de la n\u00f2t \r\n22.08.10  \r\nvoci e suoni  \r\ndalla  \r\nmontagna  \r\nUn risveglio alternativo osservando il Brenta da un posto privilegiato....  \r\nritrovo a Sover localit\u00e0 Vernera alle ore 05:00 del ...<\/div><\/div>\n<div class=\"page-list-ext-item\"><h3 class=\"page-list-ext-title\"><a href=\"https:\/\/www.diaolin.com\/wordpress\/?page_id=4557\" title=\"ciao Arturo\">ciao Arturo<\/a><\/h3><div class=\"page-list-ext-item-content\">Oggi \u00e8 morto l'unico uomo libero che abbia mai conosciuto...\r\n\r\n&nbsp;\r\n\r\nCiao Arturo mi mancherai ma dentro di me rester\u00e0 per sempre il tuo spirito di libert\u00e0\r\n\r\n \r\n\r\nArturo \r\n\r\n&nbsp;\r\n\r\n&nbsp;<\/div><\/div>\n<div class=\"page-list-ext-item\"><h3 class=\"page-list-ext-title\"><a href=\"https:\/\/www.diaolin.com\/wordpress\/?page_id=3439\" title=\"Diario di bordo\">Diario di bordo<\/a><\/h3><div class=\"page-list-ext-item-content\"><!-- password protected --><\/div><\/div>\n<div class=\"page-list-ext-item\"><h3 class=\"page-list-ext-title\"><a href=\"https:\/\/www.diaolin.com\/wordpress\/?page_id=2346\" title=\"Foto Scaragne e larg\u00e0\">Foto Scaragne e larg\u00e0<\/a><\/h3><div class=\"page-list-ext-item-content\">[wppa type=\"album\" album=\"1\"][\/wppa] <\/div><\/div>\n<div class=\"page-list-ext-item\"><h3 class=\"page-list-ext-title\"><a href=\"https:\/\/www.diaolin.com\/wordpress\/?page_id=2389\" title=\"Per un bacio mai dato\">Per un bacio mai dato<\/a><\/h3><div class=\"page-list-ext-item-content\"> \r\nPresentazione del libro \r\n\r\n\u201cPer un bacio mai dato\u201d \r\nl'amore secondo De Andr\u00e9 \r\n\r\ndi Paolo Ghezzi\r\naccompagnato dalla voce e dalla chitarra di\r\nGabriele Muscolino\r\n  \r\ndomenica 13 marzo | ore 14.00  \r\n&nbsp; \r\n\r\npartenza dal lago di Santa Colomba,\r\npercorso a pi...<\/div><\/div>\n<div class=\"page-list-ext-item\"><h3 class=\"page-list-ext-title\"><a href=\"https:\/\/www.diaolin.com\/wordpress\/?page_id=2290\" title=\"Scaragne e larg\u00e0\">Scaragne e larg\u00e0<\/a><\/h3><div class=\"page-list-ext-item-content\">na storia che no la finise mai\r\n\r\n \r\n\r\nil mio secondo libro <\/div><\/div>\n<div class=\"page-list-ext-item\"><h3 class=\"page-list-ext-title\"><a href=\"https:\/\/www.diaolin.com\/wordpress\/?page_id=1449\" title=\"TrentoBLOG\">TrentoBLOG<\/a><\/h3><div class=\"page-list-ext-item-content\">Intervista....\r\n\r\nhttpv:\/\/www.youtube.com\/watch?v=gB-Un3QYSsM\r\n\r\ngrazie allo staff di TrentoBlog<\/div><\/div>\n<div class=\"page-list-ext-item\"><h3 class=\"page-list-ext-title\"><a href=\"https:\/\/www.diaolin.com\/wordpress\/?page_id=1149\" title=\"S\u2019ciapotade\u2026(video)\">S\u2019ciapotade\u2026(video)<\/a><\/h3><div class=\"page-list-ext-item-content\">Video dello spettacolo a Portegnach...\r\n\r\n  \r\n\r\nGrazie a quanti hanno partecipato e a quanti mi hanno aiutato.\r\n\r\nGrazie a Corrado, Roberto, Mariano e Rudi per la collaborazione e la passione\r\n\r\nUn particolare ringraziamento all'associazione Sorgente90...<\/div><\/div>\n<div class=\"page-list-ext-item\"><h3 class=\"page-list-ext-title\"><a href=\"https:\/\/www.diaolin.com\/wordpress\/?page_id=993\" title=\"I bambini delle Schmid\u2026\">I bambini delle Schmid\u2026<\/a><\/h3><div class=\"page-list-ext-item-content\">Ho letto le mie poesie in una scuola di Trento e questo \u00e8 stato il regalo dei bambini\r\n\r\nGrazie di cuore ai bambini e alle maestre, \u00e8 stata un esperienza indimenticabile.\r\n\r\nGiuliano (Diaolin) \r\n\r\nLe letterine fanno riferimento a questa:\r\n\r\nNa letra p...<\/div><\/div>\n<div class=\"page-list-ext-item\"><h3 class=\"page-list-ext-title\"><a href=\"https:\/\/www.diaolin.com\/wordpress\/?page_id=1251\" title=\"S\u2019ciapot\u00e0de co la zib\u00f2ga\u2026\">S\u2019ciapot\u00e0de co la zib\u00f2ga\u2026<\/a><\/h3><div class=\"page-list-ext-item-content\"> \r\n\r\n \r\n\r\nS'ciapot\u00e0de co la zib\u00f2ga \r\n\r\nna storia che no finise mai \r\n\r\npensieri di oggi su uno strumento che \u00e8 stato il juke box di molte generazioni, senza gettoni\r\n\r\nUn ringraziamento al gruppo UAPA CANAPA di Grumes\r\n\r\nLo spettacolo si terr\u00e0\u00a0 venerd\u00ec 8 gen...<\/div><\/div>\n<div class=\"page-list-ext-item\"><h3 class=\"page-list-ext-title\"><a href=\"https:\/\/www.diaolin.com\/wordpress\/?page_id=608\" title=\"En bal co i \u00f2meni\">En bal co i \u00f2meni<\/a><\/h3><div class=\"page-list-ext-item-content\">Il 9 agosto 2009 alle 21.00 nella splendida cornice del Castello di Segonzano presento con l'amico Paolo Oreni , il poeta locale Corrado Zanol  ed il Coro La Valle  lo spettacolo: \r\nen bal co i \u00f2meni \r\nsogni, musica e poesia in dialetto cembrano  \r\nparliamo ...<\/div><\/div>\n<div class=\"page-list-ext-item\"><h3 class=\"page-list-ext-title\"><a href=\"https:\/\/www.diaolin.com\/wordpress\/?page_id=611\" title=\"Presentazione libro a Sov\u00e9r\">Presentazione libro a Sov\u00e9r<\/a><\/h3><div class=\"page-list-ext-item-content\">Il 28 novembre 2008 alle 20:30 presso la sala Polifunzionale di Sov\u00e9r\r\npresento il libro\r\n\r\n\r\nSiete tutti invitati.\r\n\r\nDiaolin<\/div><\/div>\n<div class=\"page-list-ext-item\"><h3 class=\"page-list-ext-title\"><a href=\"https:\/\/www.diaolin.com\/wordpress\/?page_id=125\" title=\"Z\u00e8lten alla Diaolin\">Z\u00e8lten alla Diaolin<\/a><\/h3><div class=\"page-list-ext-item-content\">\r\n \t6 uova (bianche a neve) \r\n \t4 etti zucchero \r\n \t1\/2 Kg. di miele \r\n \t3 cucchiai marmellata di prugne \r\n \t1 cucchiaio cannella e chiodi di garofano in polvere \r\n \t3 etti burro \r\n \t3-4kg frutta secca varia(noci,pinoli,mandorle,scorze d'arancia e di...<\/div><\/div>\n<div class=\"page-list-ext-item\"><h3 class=\"page-list-ext-title\"><a href=\"https:\/\/www.diaolin.com\/wordpress\/?page_id=131\" title=\"Dizionario di Aldo Aneggi\">Dizionario di Aldo Aneggi<\/a><\/h3><div class=\"page-list-ext-item-content\">Questo dizionario \u00e8 opera di Aldo Aneggi ed \u00e8 edito in forma cartacea col titolo:\r\n\"Aldo Aneggi - Dizionario Cembrano\" a cura del Museo degli Usi e Costumi della Gente Trentina\r\nS Michele all' Adige.\r\n\r\nClicca sull' iniziale\r\n\r\nA \r\nB \r\nC \r\nD \r\nE \r\nF \r...<\/div><\/div>\n<div class=\"page-list-ext-item\"><h3 class=\"page-list-ext-title\"><a href=\"https:\/\/www.diaolin.com\/wordpress\/?page_id=132\" title=\"A\">A<\/a><\/h3><div class=\"page-list-ext-item-content\">a = prep. a\r\n\r\nabac = s.m. - abaco.\r\n\r\nabadar = vr. - badare, osservare, sorvegliare, vigilare, cfr. anche badar e tender, con lo stesso significato.\r\n\r\nabasament = s.m. - basamento, zoccolo; cfr. anche pedana.\r\n\r\nabasta = avv. - abbastanza.\r\n\r\nabec\u00e8 ...<\/div><\/div>\n<div class=\"page-list-ext-item\"><h3 class=\"page-list-ext-title\"><a href=\"https:\/\/www.diaolin.com\/wordpress\/?page_id=133\" title=\"B\">B<\/a><\/h3><div class=\"page-list-ext-item-content\">b\u00e0ba sf. - dicesi di donna chiacchierona.\r\n\r\nbab\u00e0o s.m. - mostro immaginario che si nomina per spavent\u00e1re i bambini.\r\n\r\nbab\u00e0r = vr. - chiacchierare.\r\n\r\nbabar\u00f3l = loc. - a babar\u00f3l a cavalluccio.\r\n\r\nB\u00e0bi =   soprannome di famiglia a Cembra.\r\n\r\nbabil\u00f2i = loc. ...<\/div><\/div>\n<div class=\"page-list-ext-item\"><h3 class=\"page-list-ext-title\"><a href=\"https:\/\/www.diaolin.com\/wordpress\/?page_id=134\" title=\"C\">C<\/a><\/h3><div class=\"page-list-ext-item-content\">ca\u2019 = s.f. - casa, cucina; for en te ca\u2019 in cucina; el la mena \u2019n ca\u2019 detto dello sposo che accoglie la sposa novella nella casa paterna; el me la mena \u2019n ca\u2019 espressione per indicare che \u00e8 nato un maschio, perch\u00e8 a suo tempo anche lui allogger\u00e0 la sposa nella...<\/div><\/div>\n<div class=\"page-list-ext-item\"><h3 class=\"page-list-ext-title\"><a href=\"https:\/\/www.diaolin.com\/wordpress\/?page_id=135\" title=\"D\">D<\/a><\/h3><div class=\"page-list-ext-item-content\">da = prep. - da, di, a; nar su da Mont andare a Montesover.\r\n\r\ndaben = agg. - dabbene, buono.\r\n\r\ndacordo = loc. avv. - d\u2019accordo, al f. dacorda; dacordo come trei rode \u2019n te \u2019n car, in completo disaccordo.\r\n\r\ndai = inter. - imperativo del verbo dare,...<\/div><\/div>\n<div class=\"page-list-ext-item\"><h3 class=\"page-list-ext-title\"><a href=\"https:\/\/www.diaolin.com\/wordpress\/?page_id=136\" title=\"E\">E<\/a><\/h3><div class=\"page-list-ext-item-content\">e = inter. - eh.\r\n\r\nec\u2019 barea = t. infant. - cosa sporca o disgustosa.\r\n\r\nEccher = cognome.\r\n\r\nece omo = loc. - ecce homo, detto di persona o di cosa mal ridotta.\r\n\r\neco = avv. e inter. - ecco.\r\n\r\neduc\u00e0 = agg. - educato.\r\n\r\nefet = s.m. - effetto.\r\n\r\nEgito = ...<\/div><\/div>\n<div class=\"page-list-ext-item\"><h3 class=\"page-list-ext-title\"><a href=\"https:\/\/www.diaolin.com\/wordpress\/?page_id=137\" title=\"F\">F<\/a><\/h3><div class=\"page-list-ext-item-content\">F\r\n\r\nFacenda = cognome.\r\n\r\nfacenda = s.f. - faccenda, affare, lavoro da fare, lavoro domestico; vicenda.\r\n\r\nfacera = s.f. - maschera per la faccia; cfr. anche muSera.\r\n\r\nFachinati = soprannome di famiglia a Cembra.\r\n\r\nfacia da conventin = s.f. - faccia...<\/div><\/div>\n<div class=\"page-list-ext-item\"><h3 class=\"page-list-ext-title\"><a href=\"https:\/\/www.diaolin.com\/wordpress\/?page_id=138\" title=\"G\">G<\/a><\/h3><div class=\"page-list-ext-item-content\">\r\ngaban = s.m. - gabbano, cappotto; giacca; gaban dale ale giacca maschile simile a quella del frac, indossata nei giorni di festa.\r\n\r\ngabana = s.f. - gabbana.\r\n\r\ngabanel = s.m. - giubbino, giacca da donna.\r\n\r\nGabani = soprannome di famiglia a Sover.\r\n\r\ngabanoti...<\/div><\/div>\n<div class=\"page-list-ext-item\"><h3 class=\"page-list-ext-title\"><a href=\"https:\/\/www.diaolin.com\/wordpress\/?page_id=139\" title=\"I\">I<\/a><\/h3><div class=\"page-list-ext-item-content\">\r\n\r\ni = art. - i, gli; pron. - loro.\r\n\r\ni = inter. - ih (voce per incitare bovini ed equini); (anche ari).\r\n\r\nIacom = n.pr. - Giacomo; (anche Iochela).\r\n\r\niastra = s.f. - pecora, o capra, che non ha ancora figliato.\r\n\r\nibia = s.f. - scorribanda dei bovini...<\/div><\/div>\n<div class=\"page-list-ext-item\"><h3 class=\"page-list-ext-title\"><a href=\"https:\/\/www.diaolin.com\/wordpress\/?page_id=141\" title=\"L\">L<\/a><\/h3><div class=\"page-list-ext-item-content\">\r\nla = art. - la; pr. pers. e dim. la.\r\n\r\nla = avv. - la; de l\u00e0 di l\u00e0.\r\n\r\nlabela = s.f. - schiacciata di pane molto sottile, per lo pi\u00f9 di farina di segala; fig. teglia bassa smaltata.\r\n\r\nlac = s.m. - lago.\r\n\r\nlac = s.m. - laccio; nodo.\r\n\r\nlacet = s....<\/div><\/div>\n<div class=\"page-list-ext-item\"><h3 class=\"page-list-ext-title\"><a href=\"https:\/\/www.diaolin.com\/wordpress\/?page_id=142\" title=\"M\">M<\/a><\/h3><div class=\"page-list-ext-item-content\">\r\nm = s.f. - emme; esprime di solito, approvazione; in risposta, ad una chiamata significa \u00abeccomi\u00bb; in risposta ad una richiesta significa \u201cva bene\u201d o \u201csono d\u2019accordo\u201d.\r\n\r\nmacaco = agg. e s.m. - insipido, insulso, sciocco; passato di patate, zucche, fag...<\/div><\/div>\n<div class=\"page-list-ext-item\"><h3 class=\"page-list-ext-title\"><a href=\"https:\/\/www.diaolin.com\/wordpress\/?page_id=143\" title=\"N\">N<\/a><\/h3><div class=\"page-list-ext-item-content\">na = agg.  e art.  ind.  - una (anche una).  \r\nnada = s.f.  - fiuto. \r\nNadal = s.m.  - Natale. \r\nnanca = avv.  e cong.  - neanche (anche gnanca).  \r\nNane = n.pr.  - Giovanni; (anche Gian, Giani, Gioan, Gianara, Gianet, Oiaule).  \r\nnane = s.f. pl.  - nanna;...<\/div><\/div>\n<div class=\"page-list-ext-item\"><h3 class=\"page-list-ext-title\"><a href=\"https:\/\/www.diaolin.com\/wordpress\/?page_id=144\" title=\"O\">O<\/a><\/h3><div class=\"page-list-ext-item-content\">o = inter. - oh (con suono lungo quando precede l\u2019inizio di una proposizione o l\u2019intendimento di inserirsi in un discorso).\r\n\r\noa = voce del vagito.\r\n\r\nobedir = vr. - obbedire; cfr. anche obiedir.\r\n\r\nobeSo = agg. - obeso; scemo, melenso.\r\n\r\nobiedir = v...<\/div><\/div>\n<div class=\"page-list-ext-item\"><h3 class=\"page-list-ext-title\"><a href=\"https:\/\/www.diaolin.com\/wordpress\/?page_id=145\" title=\"P\">P<\/a><\/h3><div class=\"page-list-ext-item-content\">\r\npabie = s.f. pl. - polvere bianca nelle screpolature del viso costituita da minutissimi frammenti di pelle secca.\r\n\r\npabol = s.m. - pascolo; foraggio; a pascol a mangiare.\r\n\r\npac = s.m. - pacco.\r\n\r\npaca = s.f. - colpo, botta, manata, pacca.\r\n\r\npaceca...<\/div><\/div>\n<div class=\"page-list-ext-item\"><h3 class=\"page-list-ext-title\"><a href=\"https:\/\/www.diaolin.com\/wordpress\/?page_id=146\" title=\"Q\">Q<\/a><\/h3><div class=\"page-list-ext-item-content\">\r\nqu\u00e0 = avv. - qu\u00e0, qui; cfr. anche chi e chive; qu\u00e0 via qui, da questa parte.\r\n\r\nquaderno = s.m. - quaderno.\r\n\r\nquadrat = agg. e s. - quadrato; berretta da prete di forma quadrata.\r\n\r\nquadrel = s.m. - quadrello, mattonella; mattone.\r\n\r\nquadrifoi = s....<\/div><\/div>\n<div class=\"page-list-ext-item\"><h3 class=\"page-list-ext-title\"><a href=\"https:\/\/www.diaolin.com\/wordpress\/?page_id=147\" title=\"R\">R<\/a><\/h3><div class=\"page-list-ext-item-content\">\r\nrabia = s.f. - ira, stizza; idrofobia.\r\n\r\nrabi\u00f2s = agg. - rabbioso; arrabbiato, adirato, sdegnato.\r\n\r\nRachele = n.pr. - Rachele; rachele acquavite di contrabbando; cfr. fil de fer.\r\n\r\nrachitico = agg. - rachitico; poco sviluppato, stento; pl. rachitichi.\r\n\r\nracolt ...<\/div><\/div>\n<div class=\"page-list-ext-item\"><h3 class=\"page-list-ext-title\"><a href=\"https:\/\/www.diaolin.com\/wordpress\/?page_id=148\" title=\"S\">S<\/a><\/h3><div class=\"page-list-ext-item-content\">\r\nsabion = s.m. - sabbia.\r\n\r\nsabo = s.m. - sabato.\r\n\r\nsac = s.m. - sacco; dim. sachet; sac e segala loc. che significa dar fondo alle provviste, dilapidare. sacabanc = s.m. - cassettone.\r\n\r\nsacramentar = vr. - bestemmiare.\r\n\r\nsacramento = inter. di gioia...<\/div><\/div>\n<div class=\"page-list-ext-item\"><h3 class=\"page-list-ext-title\"><a href=\"https:\/\/www.diaolin.com\/wordpress\/?page_id=149\" title=\"T\">T<\/a><\/h3><div class=\"page-list-ext-item-content\">\r\n\r\ntabac = s.m. - tabacco; tabac da nas tabacco da fiuto.\r\n\r\ntabacada = s.f. - tabaccata; fig. imbroglio; fig. coito\r\n\r\ntabachera = s.f. - tabacchiera.\r\n\r\ntabachin = s.m. - tabaccheria.\r\n\r\ntabar = s.m. - tabarro; giaccone; ampio mantello disadorno.\r\n\r\ntabarel...<\/div><\/div>\n<div class=\"page-list-ext-item\"><h3 class=\"page-list-ext-title\"><a href=\"https:\/\/www.diaolin.com\/wordpress\/?page_id=150\" title=\"U\">U<\/a><\/h3><div class=\"page-list-ext-item-content\">\r\n\r\nu = u, diciannovesima lettera dell\u2019alfabeto.\r\n\r\nua = s.f. - uva; dim. uata; ua de sambuc bacche nere del sambuco; ua orsina uva orsina, (anche martel); ua spina uva spina (Ribes grossularia) con frutti verdi giallastri grandi come una nocciola e r...<\/div><\/div>\n<div class=\"page-list-ext-item\"><h3 class=\"page-list-ext-title\"><a href=\"https:\/\/www.diaolin.com\/wordpress\/?page_id=151\" title=\"V\">V<\/a><\/h3><div class=\"page-list-ext-item-content\">\r\nvaca = s.f. - vacca; fig. ozio; fig. sgualdrina; embriac come na vaca ubriaco fradicio; far vaca stare sdraiato e in ozio, oppure far canale, fare avallamento (detto di corda o di terreno); gnanca da darghe gi\u00f2 ale vache (detto di persona tanto spregevole ...<\/div><\/div>\n<div class=\"page-list-ext-item\"><h3 class=\"page-list-ext-title\"><a href=\"https:\/\/www.diaolin.com\/wordpress\/?page_id=152\" title=\"Z\">Z<\/a><\/h3><div class=\"page-list-ext-item-content\">\r\nzacada = s.f. - scorpacciata; morso.\r\n\r\nzacar = vr. - masticare; rosicchiare; mordere; p.p. zac\u00e0; zac\u00e0 dale tarme roso dalle tarme; zacarse la lingua mordersi la lingua, pentirsi di aver parlato.\r\n\r\nzacarina = s.f. - saccarina.\r\n\r\nzacarol = s.m. - b...<\/div><\/div>\n\n<\/div><\/code><\/p>\n","protected":false},"excerpt":{"rendered":"","protected":false},"author":5,"featured_media":0,"parent":0,"menu_order":0,"comment_status":"closed","ping_status":"closed","template":"","meta":{"footnotes":""},"categories":[],"_links":{"self":[{"href":"https:\/\/www.diaolin.com\/wordpress\/index.php?rest_route=\/wp\/v2\/pages\/6772"}],"collection":[{"href":"https:\/\/www.diaolin.com\/wordpress\/index.php?rest_route=\/wp\/v2\/pages"}],"about":[{"href":"https:\/\/www.diaolin.com\/wordpress\/index.php?rest_route=\/wp\/v2\/types\/page"}],"author":[{"embeddable":true,"href":"https:\/\/www.diaolin.com\/wordpress\/index.php?rest_route=\/wp\/v2\/users\/5"}],"replies":[{"embeddable":true,"href":"https:\/\/www.diaolin.com\/wordpress\/index.php?rest_route=%2Fwp%2Fv2%2Fcomments&post=6772"}],"version-history":[{"count":4,"href":"https:\/\/www.diaolin.com\/wordpress\/index.php?rest_route=\/wp\/v2\/pages\/6772\/revisions"}],"predecessor-version":[{"id":6780,"href":"https:\/\/www.diaolin.com\/wordpress\/index.php?rest_route=\/wp\/v2\/pages\/6772\/revisions\/6780"}],"wp:attachment":[{"href":"https:\/\/www.diaolin.com\/wordpress\/index.php?rest_route=%2Fwp%2Fv2%2Fmedia&parent=6772"}],"wp:term":[{"taxonomy":"category","embeddable":true,"href":"https:\/\/www.diaolin.com\/wordpress\/index.php?rest_route=%2Fwp%2Fv2%2Fcategories&post=6772"}],"curies":[{"name":"wp","href":"https:\/\/api.w.org\/{rel}","templated":true}]}}